{"id":1564,"date":"2024-04-04T17:33:34","date_gmt":"2024-04-04T15:33:34","guid":{"rendered":"https:\/\/www.surpol.com\/?page_id=1564"},"modified":"2026-02-19T12:17:19","modified_gmt":"2026-02-19T11:17:19","slug":"blog","status":"publish","type":"page","link":"https:\/\/www.surpol.com\/es\/blog\/","title":{"rendered":"Blog"},"content":{"rendered":"<div data-elementor-type=\"wp-post\" data-elementor-id=\"1564\" class=\"elementor elementor-1564\" data-elementor-post-type=\"page\">\n\t\t\t\t\t\t<section data-particle_enable=\"false\" data-particle-mobile-disabled=\"false\" class=\"elementor-section elementor-top-section elementor-element elementor-element-c75722d elementor-section-height-min-height elementor-section-boxed elementor-section-height-default elementor-section-items-middle\" data-id=\"c75722d\" data-element_type=\"section\" data-e-type=\"section\" data-settings=\"{&quot;background_background&quot;:&quot;classic&quot;}\">\n\t\t\t\t\t\t\t<div class=\"elementor-background-overlay\"><\/div>\n\t\t\t\t\t\t\t<div class=\"elementor-container elementor-column-gap-default\">\n\t\t\t\t\t<div class=\"elementor-column elementor-col-100 elementor-top-column elementor-element elementor-element-b70907e\" data-id=\"b70907e\" data-element_type=\"column\" data-e-type=\"column\">\n\t\t\t<div class=\"elementor-widget-wrap elementor-element-populated\">\n\t\t\t\t\t\t<div class=\"elementor-element elementor-element-ac67340 elementor-widget elementor-widget-heading\" data-id=\"ac67340\" data-element_type=\"widget\" data-e-type=\"widget\" data-widget_type=\"heading.default\">\n\t\t\t\t<div class=\"elementor-widget-container\">\n\t\t\t\t\t<h2 class=\"elementor-heading-title elementor-size-default\">El Blog de Surpol<\/h2>\t\t\t\t<\/div>\n\t\t\t\t<\/div>\n\t\t\t\t<div class=\"elementor-element elementor-element-3cd4806 elementor-hidden-mobile elementor-widget elementor-widget-heading\" data-id=\"3cd4806\" data-element_type=\"widget\" data-e-type=\"widget\" data-widget_type=\"heading.default\">\n\t\t\t\t<div class=\"elementor-widget-container\">\n\t\t\t\t\t<h1 class=\"elementor-heading-title elementor-size-default\">Informaci\u00f3n y actualidad sobre Prevenci\u00f3n de Riesgos Laborales<\/h1>\t\t\t\t<\/div>\n\t\t\t\t<\/div>\n\t\t\t\t\t<\/div>\n\t\t<\/div>\n\t\t\t\t\t<\/div>\n\t\t<\/section>\n\t\t\t\t<section data-particle_enable=\"false\" data-particle-mobile-disabled=\"false\" class=\"elementor-section elementor-top-section elementor-element elementor-element-e96bf5b elementor-section-boxed elementor-section-height-default elementor-section-height-default\" data-id=\"e96bf5b\" data-element_type=\"section\" data-e-type=\"section\">\n\t\t\t\t\t\t<div class=\"elementor-container elementor-column-gap-default\">\n\t\t\t\t\t<div class=\"elementor-column elementor-col-100 elementor-top-column elementor-element elementor-element-2fc8cfe\" data-id=\"2fc8cfe\" data-element_type=\"column\" data-e-type=\"column\">\n\t\t\t<div class=\"elementor-widget-wrap elementor-element-populated\">\n\t\t\t\t\t\t<div class=\"elementor-element elementor-element-f89e372 elementor-widget elementor-widget-eael-post-block\" data-id=\"f89e372\" data-element_type=\"widget\" data-e-type=\"widget\" data-widget_type=\"eael-post-block.default\">\n\t\t\t\t<div class=\"elementor-widget-container\">\n\t\t\t\t\t<div id=\"eael-post-block-f89e372\" class=\"eael-post-block post-block-style-default\">\n            <div class=\"eael-post-block-grid eael-post-appender eael-post-appender-f89e372\"><article class=\"eael-post-block-item eael-post-block-column\">\n        <div class=\"eael-post-block-item-holder\">\n            <div class=\"eael-post-block-item-holder-inner\"><div class=\"eael-entry-media\">\n                        <div class=\"eael-entry-overlay fade-in\"><i class=\"fas fa-long-arrow-alt-right\" aria-hidden=\"true\"><\/i><a href=\"https:\/\/www.surpol.com\/es\/del-ventcat-a-la-prevencio-laboral\/\"rel=\"nofollow\"><\/a>\n                        <\/div>\n                        <div class=\"eael-entry-thumbnail\">\n                            <img decoding=\"async\" src=\"https:\/\/www.surpol.com\/wp-content\/uploads\/2026\/02\/Vencat-1024x683.png\" alt=\"\">\n                        <\/div>\n                    <\/div><div class=\"eael-entry-wrapper\">\n                        <header class=\"eael-entry-header\"><h2 class=\"eael-entry-title\"><a class=\"eael-grid-post-link\" href=\"https:\/\/www.surpol.com\/es\/del-ventcat-a-la-prevencio-laboral\/\" title=\"Del Ventcat a la prevenci\u00f3n laboral: que han de cambiar las empresas despu\u00e9s de los ultimos temporales de viento.\">Del Ventcat a la prevenci\u00f3n laboral: que han de cambiar las empresas despu\u00e9s de los ultimos temporales de viento.<\/a><\/h2><\/header>\n                        \n                        <div class=\"eael-entry-content\"><div class=\"eael-grid-post-excerpt\"><p>Los episodios recientes de fuerte viento a Catalunya han evidenciado que el cambio clim\u00e1tico...<\/p><\/div><\/div>\n                    <\/div><div class=\"eael-entry-footer\"><div class=\"eael-entry-meta\"><div class=\"eael-posted-by\"><a href=\"https:\/\/www.surpol.com\/es\/author\/heitu\/\" title=\"Entradas de Merc\u00e8 Vila\" rel=\"author\">Merc\u00e8 Vila<\/a><\/div><div class=\"eael-posted-on\"><time datetime=\"febrero 18, 2026\">febrero 18, 2026<\/time><\/div><\/div><\/div><\/div>\n        <\/div>\n    <\/article><article class=\"eael-post-block-item eael-post-block-column\">\n        <div class=\"eael-post-block-item-holder\">\n            <div class=\"eael-post-block-item-holder-inner\"><div class=\"eael-entry-media\">\n                        <div class=\"eael-entry-overlay fade-in\"><i class=\"fas fa-long-arrow-alt-right\" aria-hidden=\"true\"><\/i><a href=\"https:\/\/www.surpol.com\/es\/seguridad-y-salud-laboral-un-compromiso-que-no-caduca\/\"rel=\"nofollow\"><\/a>\n                        <\/div>\n                        <div class=\"eael-entry-thumbnail\">\n                            <img decoding=\"async\" src=\"https:\/\/www.surpol.com\/wp-content\/uploads\/2026\/01\/simposi.jpg\" alt=\"\">\n                        <\/div>\n                    <\/div><div class=\"eael-entry-wrapper\">\n                        <header class=\"eael-entry-header\"><h2 class=\"eael-entry-title\"><a class=\"eael-grid-post-link\" href=\"https:\/\/www.surpol.com\/es\/seguridad-y-salud-laboral-un-compromiso-que-no-caduca\/\" title=\"Seguridad y salud laboral: un compromiso que no caduca\">Seguridad y salud laboral: un compromiso que no caduca<\/a><\/h2><\/header>\n                        \n                        <div class=\"eael-entry-content\"><div class=\"eael-grid-post-excerpt\"><p>El I Simposio de Seguridad y Salud Laboral, celebrado en Vic en el a\u00f1o 2018, ya pon\u00eda...<\/p><\/div><\/div>\n                    <\/div><div class=\"eael-entry-footer\"><div class=\"eael-entry-meta\"><div class=\"eael-posted-by\"><a href=\"https:\/\/www.surpol.com\/es\/author\/marius-marti\/\" title=\"Entradas de Marius Mart\u00ed\" rel=\"author\">Marius Mart\u00ed<\/a><\/div><div class=\"eael-posted-on\"><time datetime=\"enero 30, 2026\">enero 30, 2026<\/time><\/div><\/div><\/div><\/div>\n        <\/div>\n    <\/article><article class=\"eael-post-block-item eael-post-block-column\">\n        <div class=\"eael-post-block-item-holder\">\n            <div class=\"eael-post-block-item-holder-inner\"><div class=\"eael-entry-media\">\n                        <div class=\"eael-entry-overlay fade-in\"><i class=\"fas fa-long-arrow-alt-right\" aria-hidden=\"true\"><\/i><a href=\"https:\/\/www.surpol.com\/es\/la-calidad-del-aire-interior-de-la-normativa-a-la-practica\/\"rel=\"nofollow\"><\/a>\n                        <\/div>\n                        <div class=\"eael-entry-thumbnail\">\n                            <img decoding=\"async\" src=\"https:\/\/www.surpol.com\/wp-content\/uploads\/2026\/01\/Curs-Calidad-del-aire-2026_cast.png\" alt=\"\">\n                        <\/div>\n                    <\/div><div class=\"eael-entry-wrapper\">\n                        <header class=\"eael-entry-header\"><h2 class=\"eael-entry-title\"><a class=\"eael-grid-post-link\" href=\"https:\/\/www.surpol.com\/es\/la-calidad-del-aire-interior-de-la-normativa-a-la-practica\/\" title=\"La Calidad del Aire Interior: de la normativa a la pr\u00e1ctica\">La Calidad del Aire Interior: de la normativa a la pr\u00e1ctica<\/a><\/h2><\/header>\n                        \n                        <div class=\"eael-entry-content\"><div class=\"eael-grid-post-excerpt\"><p>Formaci\u00f3 t\u00e9cnica y pr\u00e1ctiva en Calidad del Aire Interior (IQA), orientada a profesionales que buscan...<\/p><\/div><\/div>\n                    <\/div><div class=\"eael-entry-footer\"><div class=\"eael-entry-meta\"><div class=\"eael-posted-by\"><a href=\"https:\/\/www.surpol.com\/es\/author\/marius-marti\/\" title=\"Entradas de Marius Mart\u00ed\" rel=\"author\">Marius Mart\u00ed<\/a><\/div><div class=\"eael-posted-on\"><time datetime=\"enero 14, 2026\">enero 14, 2026<\/time><\/div><\/div><\/div><\/div>\n        <\/div>\n    <\/article><article class=\"eael-post-block-item eael-post-block-column\">\n        <div class=\"eael-post-block-item-holder\">\n            <div class=\"eael-post-block-item-holder-inner\"><div class=\"eael-entry-media\">\n                        <div class=\"eael-entry-overlay fade-in\"><i class=\"fas fa-long-arrow-alt-right\" aria-hidden=\"true\"><\/i><a href=\"https:\/\/www.surpol.com\/es\/formaciones-obligatorias-empresas-2026\/\"rel=\"nofollow\"><\/a>\n                        <\/div>\n                        <div class=\"eael-entry-thumbnail\">\n                            <img decoding=\"async\" src=\"https:\/\/www.surpol.com\/wp-content\/uploads\/2025\/12\/formacions.jpg\" alt=\"\">\n                        <\/div>\n                    <\/div><div class=\"eael-entry-wrapper\">\n                        <header class=\"eael-entry-header\"><h2 class=\"eael-entry-title\"><a class=\"eael-grid-post-link\" href=\"https:\/\/www.surpol.com\/es\/formaciones-obligatorias-empresas-2026\/\" title=\"\u00bfQu\u00e9 formaciones son obligatorias para las empresas en 2026?\">\u00bfQu\u00e9 formaciones son obligatorias para las empresas en 2026?<\/a><\/h2><\/header>\n                        \n                        <div class=\"eael-entry-content\"><div class=\"eael-grid-post-excerpt\"><p>Descubre todas las formaciones obligatorias para empresas en 2026 seg\u00fan la normativa vigente: prevenci\u00f3n...<\/p><\/div><\/div>\n                    <\/div><div class=\"eael-entry-footer\"><div class=\"eael-entry-meta\"><div class=\"eael-posted-by\"><a href=\"https:\/\/www.surpol.com\/es\/author\/heitu\/\" title=\"Entradas de Merc\u00e8 Vila\" rel=\"author\">Merc\u00e8 Vila<\/a><\/div><div class=\"eael-posted-on\"><time datetime=\"diciembre 8, 2025\">diciembre 8, 2025<\/time><\/div><\/div><\/div><\/div>\n        <\/div>\n    <\/article><article class=\"eael-post-block-item eael-post-block-column\">\n        <div class=\"eael-post-block-item-holder\">\n            <div class=\"eael-post-block-item-holder-inner\"><div class=\"eael-entry-media\">\n                        <div class=\"eael-entry-overlay fade-in\"><i class=\"fas fa-long-arrow-alt-right\" aria-hidden=\"true\"><\/i><a href=\"https:\/\/www.surpol.com\/es\/surpol-i-marius-marti-avui-presents-a-la-trobada-de-voluntaris-de-la-fundacio-pimec\/\"rel=\"nofollow\"><\/a>\n                        <\/div>\n                        <div class=\"eael-entry-thumbnail\">\n                            <img decoding=\"async\" src=\"https:\/\/www.surpol.com\/wp-content\/uploads\/2025\/11\/pimec11.jpg\" alt=\"\">\n                        <\/div>\n                    <\/div><div class=\"eael-entry-wrapper\">\n                        <header class=\"eael-entry-header\"><h2 class=\"eael-entry-title\"><a class=\"eael-grid-post-link\" href=\"https:\/\/www.surpol.com\/es\/surpol-i-marius-marti-avui-presents-a-la-trobada-de-voluntaris-de-la-fundacio-pimec\/\" title=\"SURPOL y M\u00e0rius Mart\u00ed, hoy presentes en el \u201cEncuentro de Voluntarios de la Fundaci\u00f3n PIMEC\u201d.\">SURPOL y M\u00e0rius Mart\u00ed, hoy presentes en el \u201cEncuentro de Voluntarios de la Fundaci\u00f3n PIMEC\u201d.<\/a><\/h2><\/header>\n                        \n                        <div class=\"eael-entry-content\"><div class=\"eael-grid-post-excerpt\"><p>SURPOL ha participado hoy en el Encuentro de Voluntarios de la Fundaci\u00f3n PIMEC, celebrando los...<\/p><\/div><\/div>\n                    <\/div><div class=\"eael-entry-footer\"><div class=\"eael-entry-meta\"><div class=\"eael-posted-by\"><a href=\"https:\/\/www.surpol.com\/es\/author\/marius-marti\/\" title=\"Entradas de Marius Mart\u00ed\" rel=\"author\">Marius Mart\u00ed<\/a><\/div><div class=\"eael-posted-on\"><time datetime=\"noviembre 21, 2025\">noviembre 21, 2025<\/time><\/div><\/div><\/div><\/div>\n        <\/div>\n    <\/article><article class=\"eael-post-block-item eael-post-block-column\">\n        <div class=\"eael-post-block-item-holder\">\n            <div class=\"eael-post-block-item-holder-inner\"><div class=\"eael-entry-media\">\n                        <div class=\"eael-entry-overlay fade-in\"><i class=\"fas fa-long-arrow-alt-right\" aria-hidden=\"true\"><\/i><a href=\"https:\/\/www.surpol.com\/es\/sessio-sobre-prl-i-documentacio-empresarial-a-lassociacio-dempreses-installadores-del-valles\/\"rel=\"nofollow\"><\/a>\n                        <\/div>\n                        <div class=\"eael-entry-thumbnail\">\n                            <img decoding=\"async\" src=\"https:\/\/www.surpol.com\/wp-content\/uploads\/2025\/11\/WhatsApp-Image-2025-11-19-at-09.37.11-2-1024x768.jpeg\" alt=\"\">\n                        <\/div>\n                    <\/div><div class=\"eael-entry-wrapper\">\n                        <header class=\"eael-entry-header\"><h2 class=\"eael-entry-title\"><a class=\"eael-grid-post-link\" href=\"https:\/\/www.surpol.com\/es\/sessio-sobre-prl-i-documentacio-empresarial-a-lassociacio-dempreses-installadores-del-valles\/\" title=\"Sesi\u00f3n sobre PRL y documentaci\u00f3n empresarial en la Asociaci\u00f3n de Empresas Instaladoras del Vall\u00e8s\">Sesi\u00f3n sobre PRL y documentaci\u00f3n empresarial en la Asociaci\u00f3n de Empresas Instaladoras del Vall\u00e8s<\/a><\/h2><\/header>\n                        \n                        <div class=\"eael-entry-content\"><div class=\"eael-grid-post-excerpt\"><p>Sesi\u00f3n informativa sobre la gesti\u00f3n de la PRL y la documentaci\u00f3n obligatoria para empresas...<\/p><\/div><\/div>\n                    <\/div><div class=\"eael-entry-footer\"><div class=\"eael-entry-meta\"><div class=\"eael-posted-by\"><a href=\"https:\/\/www.surpol.com\/es\/author\/marius-marti\/\" title=\"Entradas de Marius Mart\u00ed\" rel=\"author\">Marius Mart\u00ed<\/a><\/div><div class=\"eael-posted-on\"><time datetime=\"noviembre 19, 2025\">noviembre 19, 2025<\/time><\/div><\/div><\/div><\/div>\n        <\/div>\n    <\/article><article class=\"eael-post-block-item eael-post-block-column\">\n        <div class=\"eael-post-block-item-holder\">\n            <div class=\"eael-post-block-item-holder-inner\"><div class=\"eael-entry-media\">\n                        <div class=\"eael-entry-overlay fade-in\"><i class=\"fas fa-long-arrow-alt-right\" aria-hidden=\"true\"><\/i><a href=\"https:\/\/www.surpol.com\/es\/informacio-sobre-els-riscos-laborals-que-com-i-quan-sha-de-comunicar\/\"rel=\"nofollow\"><\/a>\n                        <\/div>\n                        <div class=\"eael-entry-thumbnail\">\n                            <img decoding=\"async\" src=\"https:\/\/www.surpol.com\/wp-content\/uploads\/2025\/10\/prevencio.jpg\" alt=\"\">\n                        <\/div>\n                    <\/div><div class=\"eael-entry-wrapper\">\n                        <header class=\"eael-entry-header\"><h2 class=\"eael-entry-title\"><a class=\"eael-grid-post-link\" href=\"https:\/\/www.surpol.com\/es\/informacio-sobre-els-riscos-laborals-que-com-i-quan-sha-de-comunicar\/\" title=\"Informaci\u00f3n sobre los riesgos laborales: qu\u00e9, c\u00f3mo y cu\u00e1ndo se debe comunicar\">Informaci\u00f3n sobre los riesgos laborales: qu\u00e9, c\u00f3mo y cu\u00e1ndo se debe comunicar<\/a><\/h2><\/header>\n                        \n                        <div class=\"eael-entry-content\"><div class=\"eael-grid-post-excerpt\"><p>La Ley 31\/1995 establece que los trabajadores deben recibir informaci\u00f3n clara y actualizada sobre...<\/p><\/div><\/div>\n                    <\/div><div class=\"eael-entry-footer\"><div class=\"eael-entry-meta\"><div class=\"eael-posted-by\"><a href=\"https:\/\/www.surpol.com\/es\/author\/marius-marti\/\" title=\"Entradas de Marius Mart\u00ed\" rel=\"author\">Marius Mart\u00ed<\/a><\/div><div class=\"eael-posted-on\"><time datetime=\"octubre 30, 2025\">octubre 30, 2025<\/time><\/div><\/div><\/div><\/div>\n        <\/div>\n    <\/article><article class=\"eael-post-block-item eael-post-block-column\">\n        <div class=\"eael-post-block-item-holder\">\n            <div class=\"eael-post-block-item-holder-inner\"><div class=\"eael-entry-media\">\n                        <div class=\"eael-entry-overlay fade-in\"><i class=\"fas fa-long-arrow-alt-right\" aria-hidden=\"true\"><\/i><a href=\"https:\/\/www.surpol.com\/es\/ens-prenem-seriosament-els-reconeixements-medics-de-vigilancia-de-la-salut\/\"rel=\"nofollow\"><\/a>\n                        <\/div>\n                        <div class=\"eael-entry-thumbnail\">\n                            <img decoding=\"async\" src=\"https:\/\/www.surpol.com\/wp-content\/uploads\/2025\/10\/revisiometge.jpg\" alt=\"\">\n                        <\/div>\n                    <\/div><div class=\"eael-entry-wrapper\">\n                        <header class=\"eael-entry-header\"><h2 class=\"eael-entry-title\"><a class=\"eael-grid-post-link\" href=\"https:\/\/www.surpol.com\/es\/ens-prenem-seriosament-els-reconeixements-medics-de-vigilancia-de-la-salut\/\" title=\"\u00bfNos tomamos en serio los reconocimientos m\u00e9dicos de vigilancia de la salud?\">\u00bfNos tomamos en serio los reconocimientos m\u00e9dicos de vigilancia de la salud?<\/a><\/h2><\/header>\n                        \n                        <div class=\"eael-entry-content\"><div class=\"eael-grid-post-excerpt\"><p>Los reconocimientos m\u00e9dicos laborales a menudo se convierten en un simple tr\u00e1mite administrativo, alejado de la...<\/p><\/div><\/div>\n                    <\/div><div class=\"eael-entry-footer\"><div class=\"eael-entry-meta\"><div class=\"eael-posted-by\"><a href=\"https:\/\/www.surpol.com\/es\/author\/marius-marti\/\" title=\"Entradas de Marius Mart\u00ed\" rel=\"author\">Marius Mart\u00ed<\/a><\/div><div class=\"eael-posted-on\"><time datetime=\"octubre 27, 2025\">octubre 27, 2025<\/time><\/div><\/div><\/div><\/div>\n        <\/div>\n    <\/article><article class=\"eael-post-block-item eael-post-block-column\">\n        <div class=\"eael-post-block-item-holder\">\n            <div class=\"eael-post-block-item-holder-inner\"><div class=\"eael-entry-media\">\n                        <div class=\"eael-entry-overlay fade-in\"><i class=\"fas fa-long-arrow-alt-right\" aria-hidden=\"true\"><\/i><a href=\"https:\/\/www.surpol.com\/es\/epi-obligacions-de-lempresa-i-del-treballador\/\"rel=\"nofollow\"><\/a>\n                        <\/div>\n                        <div class=\"eael-entry-thumbnail\">\n                            <img decoding=\"async\" src=\"https:\/\/www.surpol.com\/wp-content\/uploads\/2025\/10\/epis.jpg\" alt=\"\">\n                        <\/div>\n                    <\/div><div class=\"eael-entry-wrapper\">\n                        <header class=\"eael-entry-header\"><h2 class=\"eael-entry-title\"><a class=\"eael-grid-post-link\" href=\"https:\/\/www.surpol.com\/es\/epi-obligacions-de-lempresa-i-del-treballador\/\" title=\"EPI: obligaciones de la empresa y del trabajador\">EPI: obligaciones de la empresa y del trabajador<\/a><\/h2><\/header>\n                        \n                        <div class=\"eael-entry-content\"><div class=\"eael-grid-post-excerpt\"><p>\u00bfQui\u00e9n es responsable de los EPI en la empresa? En este art\u00edculo te explicamos cu\u00e1les son las obligaciones...<\/p><\/div><\/div>\n                    <\/div><div class=\"eael-entry-footer\"><div class=\"eael-entry-meta\"><div class=\"eael-posted-by\"><a href=\"https:\/\/www.surpol.com\/es\/author\/marius-marti\/\" title=\"Entradas de Marius Mart\u00ed\" rel=\"author\">Marius Mart\u00ed<\/a><\/div><div class=\"eael-posted-on\"><time datetime=\"octubre 23, 2025\">octubre 23, 2025<\/time><\/div><\/div><\/div><\/div>\n        <\/div>\n    <\/article><article class=\"eael-post-block-item eael-post-block-column\">\n        <div class=\"eael-post-block-item-holder\">\n            <div class=\"eael-post-block-item-holder-inner\"><div class=\"eael-entry-media\">\n                        <div class=\"eael-entry-overlay fade-in\"><i class=\"fas fa-long-arrow-alt-right\" aria-hidden=\"true\"><\/i><a href=\"https:\/\/www.surpol.com\/es\/la-fundacio-pimec-impulsa-una-nova-edicio-de-lenquesta-el-talent-te-edat\/\"rel=\"nofollow\"><\/a>\n                        <\/div>\n                        <div class=\"eael-entry-thumbnail\">\n                            <img decoding=\"async\" src=\"https:\/\/www.surpol.com\/wp-content\/uploads\/2025\/10\/talent.jpg\" alt=\"\">\n                        <\/div>\n                    <\/div><div class=\"eael-entry-wrapper\">\n                        <header class=\"eael-entry-header\"><h2 class=\"eael-entry-title\"><a class=\"eael-grid-post-link\" href=\"https:\/\/www.surpol.com\/es\/la-fundacio-pimec-impulsa-una-nova-edicio-de-lenquesta-el-talent-te-edat\/\" title=\"La Fundaci\u00f3n PIMEC impulsa una nueva edici\u00f3n de la encuesta \u201c\u00bfEl talento tiene edad?\">La Fundaci\u00f3n PIMEC impulsa una nueva edici\u00f3n de la encuesta \u201c\u00bfEl talento tiene edad?<\/a><\/h2><\/header>\n                        \n                        <div class=\"eael-entry-content\"><div class=\"eael-grid-post-excerpt\"><p>La Fundaci\u00f3n PIMEC ha puesto en marcha la 4.\u00aa edici\u00f3n de la encuesta \u201c\u00bfEl talento tiene edad?\u201d, una...<\/p><\/div><\/div>\n                    <\/div><div class=\"eael-entry-footer\"><div class=\"eael-entry-meta\"><div class=\"eael-posted-by\"><a href=\"https:\/\/www.surpol.com\/es\/author\/marius-marti\/\" title=\"Entradas de Marius Mart\u00ed\" rel=\"author\">Marius Mart\u00ed<\/a><\/div><div class=\"eael-posted-on\"><time datetime=\"octubre 21, 2025\">octubre 21, 2025<\/time><\/div><\/div><\/div><\/div>\n        <\/div>\n    <\/article><article class=\"eael-post-block-item eael-post-block-column\">\n        <div class=\"eael-post-block-item-holder\">\n            <div class=\"eael-post-block-item-holder-inner\"><div class=\"eael-entry-media\">\n                        <div class=\"eael-entry-overlay fade-in\"><i class=\"fas fa-long-arrow-alt-right\" aria-hidden=\"true\"><\/i><a href=\"https:\/\/www.surpol.com\/es\/copiem-pero-copiem-be\/\"rel=\"nofollow\"><\/a>\n                        <\/div>\n                        <div class=\"eael-entry-thumbnail\">\n                            <img decoding=\"async\" src=\"https:\/\/www.surpol.com\/wp-content\/uploads\/2025\/10\/xarxes.jpg\" alt=\"\">\n                        <\/div>\n                    <\/div><div class=\"eael-entry-wrapper\">\n                        <header class=\"eael-entry-header\"><h2 class=\"eael-entry-title\"><a class=\"eael-grid-post-link\" href=\"https:\/\/www.surpol.com\/es\/copiem-pero-copiem-be\/\" title=\"Copiemos, pero copiemos bien\">Copiemos, pero copiemos bien<\/a><\/h2><\/header>\n                        \n                        <div class=\"eael-entry-content\"><div class=\"eael-grid-post-excerpt\"><p>Las redes sociales son una gran fuente de inspiraci\u00f3n, pero tambi\u00e9n un espacio donde es necesario mantener...<\/p><\/div><\/div>\n                    <\/div><div class=\"eael-entry-footer\"><div class=\"eael-entry-meta\"><div class=\"eael-posted-by\"><a href=\"https:\/\/www.surpol.com\/es\/author\/marius-marti\/\" title=\"Entradas de Marius Mart\u00ed\" rel=\"author\">Marius Mart\u00ed<\/a><\/div><div class=\"eael-posted-on\"><time datetime=\"octubre 20, 2025\">octubre 20, 2025<\/time><\/div><\/div><\/div><\/div>\n        <\/div>\n    <\/article><article class=\"eael-post-block-item eael-post-block-column\">\n        <div class=\"eael-post-block-item-holder\">\n            <div class=\"eael-post-block-item-holder-inner\"><div class=\"eael-entry-media\">\n                        <div class=\"eael-entry-overlay fade-in\"><i class=\"fas fa-long-arrow-alt-right\" aria-hidden=\"true\"><\/i><a href=\"https:\/\/www.surpol.com\/es\/lafectacio-del-soroll-en-les-persones-treballadores\/\"rel=\"nofollow\"><\/a>\n                        <\/div>\n                        <div class=\"eael-entry-thumbnail\">\n                            <img decoding=\"async\" src=\"https:\/\/www.surpol.com\/wp-content\/uploads\/2025\/10\/soroll.jpg\" alt=\"\">\n                        <\/div>\n                    <\/div><div class=\"eael-entry-wrapper\">\n                        <header class=\"eael-entry-header\"><h2 class=\"eael-entry-title\"><a class=\"eael-grid-post-link\" href=\"https:\/\/www.surpol.com\/es\/lafectacio-del-soroll-en-les-persones-treballadores\/\" title=\"La afectaci\u00f3n del ruido en las personas trabajadoras\">La afectaci\u00f3n del ruido en las personas trabajadoras<\/a><\/h2><\/header>\n                        \n                        <div class=\"eael-entry-content\"><div class=\"eael-grid-post-excerpt\"><p>El ruido puede afectar a la salud f\u00edsica y mental de las personas trabajadoras. Descubre c\u00f3mo...<\/p><\/div><\/div>\n                    <\/div><div class=\"eael-entry-footer\"><div class=\"eael-entry-meta\"><div class=\"eael-posted-by\"><a href=\"https:\/\/www.surpol.com\/es\/author\/marius-marti\/\" title=\"Entradas de Marius Mart\u00ed\" rel=\"author\">Marius Mart\u00ed<\/a><\/div><div class=\"eael-posted-on\"><time datetime=\"octubre 10, 2025\">octubre 10, 2025<\/time><\/div><\/div><\/div><\/div>\n        <\/div>\n    <\/article><article class=\"eael-post-block-item eael-post-block-column\">\n        <div class=\"eael-post-block-item-holder\">\n            <div class=\"eael-post-block-item-holder-inner\"><div class=\"eael-entry-media\">\n                        <div class=\"eael-entry-overlay fade-in\"><i class=\"fas fa-long-arrow-alt-right\" aria-hidden=\"true\"><\/i><a href=\"https:\/\/www.surpol.com\/es\/el-llenguatge-no-verbal\/\"rel=\"nofollow\"><\/a>\n                        <\/div>\n                        <div class=\"eael-entry-thumbnail\">\n                            <img decoding=\"async\" src=\"https:\/\/www.surpol.com\/wp-content\/uploads\/2025\/10\/no-verbal.jpg\" alt=\"\">\n                        <\/div>\n                    <\/div><div class=\"eael-entry-wrapper\">\n                        <header class=\"eael-entry-header\"><h2 class=\"eael-entry-title\"><a class=\"eael-grid-post-link\" href=\"https:\/\/www.surpol.com\/es\/el-llenguatge-no-verbal\/\" title=\"El lenguaje no verbal\">El lenguaje no verbal<\/a><\/h2><\/header>\n                        \n                        <div class=\"eael-entry-content\"><div class=\"eael-grid-post-excerpt\"><p>El lenguaje no verbal \u2014miradas, gestos, postura y vestimenta\u2014 transmite mucha m\u00e1s informaci\u00f3n que las...<\/p><\/div><\/div>\n                    <\/div><div class=\"eael-entry-footer\"><div class=\"eael-entry-meta\"><div class=\"eael-posted-by\"><a href=\"https:\/\/www.surpol.com\/es\/author\/marius-marti\/\" title=\"Entradas de Marius Mart\u00ed\" rel=\"author\">Marius Mart\u00ed<\/a><\/div><div class=\"eael-posted-on\"><time datetime=\"octubre 6, 2025\">octubre 6, 2025<\/time><\/div><\/div><\/div><\/div>\n        <\/div>\n    <\/article><article class=\"eael-post-block-item eael-post-block-column\">\n        <div class=\"eael-post-block-item-holder\">\n            <div class=\"eael-post-block-item-holder-inner\"><div class=\"eael-entry-media\">\n                        <div class=\"eael-entry-overlay fade-in\"><i class=\"fas fa-long-arrow-alt-right\" aria-hidden=\"true\"><\/i><a href=\"https:\/\/www.surpol.com\/es\/infart-vs-aturada-cardiaca-que-has-de-saber\/\"rel=\"nofollow\"><\/a>\n                        <\/div>\n                        <div class=\"eael-entry-thumbnail\">\n                            <img decoding=\"async\" src=\"https:\/\/www.surpol.com\/wp-content\/uploads\/2025\/09\/aturada2.jpg\" alt=\"\">\n                        <\/div>\n                    <\/div><div class=\"eael-entry-wrapper\">\n                        <header class=\"eael-entry-header\"><h2 class=\"eael-entry-title\"><a class=\"eael-grid-post-link\" href=\"https:\/\/www.surpol.com\/es\/infart-vs-aturada-cardiaca-que-has-de-saber\/\" title=\"Infarto vs. parada card\u00edaca: qu\u00e9 debes saber\">Infarto vs. parada card\u00edaca: qu\u00e9 debes saber<\/a><\/h2><\/header>\n                        \n                        <div class=\"eael-entry-content\"><div class=\"eael-grid-post-excerpt\"><p>El infarto card\u00edaco y la parada card\u00edaca no son lo mismo, y es importante saberlo. Aun as\u00ed...<\/p><\/div><\/div>\n                    <\/div><div class=\"eael-entry-footer\"><div class=\"eael-entry-meta\"><div class=\"eael-posted-by\"><a href=\"https:\/\/www.surpol.com\/es\/author\/marius-marti\/\" title=\"Entradas de Marius Mart\u00ed\" rel=\"author\">Marius Mart\u00ed<\/a><\/div><div class=\"eael-posted-on\"><time datetime=\"septiembre 5, 2025\">septiembre 5, 2025<\/time><\/div><\/div><\/div><\/div>\n        <\/div>\n    <\/article><article class=\"eael-post-block-item eael-post-block-column\">\n        <div class=\"eael-post-block-item-holder\">\n            <div class=\"eael-post-block-item-holder-inner\"><div class=\"eael-entry-media\">\n                        <div class=\"eael-entry-overlay fade-in\"><i class=\"fas fa-long-arrow-alt-right\" aria-hidden=\"true\"><\/i><a href=\"https:\/\/www.surpol.com\/es\/titulacions-de-cartro-un-miratge-educatiu\/\"rel=\"nofollow\"><\/a>\n                        <\/div>\n                        <div class=\"eael-entry-thumbnail\">\n                            <img decoding=\"async\" src=\"https:\/\/www.surpol.com\/wp-content\/uploads\/2025\/08\/titols-blog-1024x683.png\" alt=\"\">\n                        <\/div>\n                    <\/div><div class=\"eael-entry-wrapper\">\n                        <header class=\"eael-entry-header\"><h2 class=\"eael-entry-title\"><a class=\"eael-grid-post-link\" href=\"https:\/\/www.surpol.com\/es\/titulacions-de-cartro-un-miratge-educatiu\/\" title=\"Titulaciones de cart\u00f3n: un espejismo educativo\">Titulaciones de cart\u00f3n: un espejismo educativo<\/a><\/h2><\/header>\n                        \n                        <div class=\"eael-entry-content\"><div class=\"eael-grid-post-excerpt\"><p>Las pol\u00edticas educativas est\u00e1n enfocadas a superar etapas y a finalizar unos niveles educativos con...<\/p><\/div><\/div>\n                    <\/div><div class=\"eael-entry-footer\"><div class=\"eael-entry-meta\"><div class=\"eael-posted-by\"><a href=\"https:\/\/www.surpol.com\/es\/author\/marius-marti\/\" title=\"Entradas de Marius Mart\u00ed\" rel=\"author\">Marius Mart\u00ed<\/a><\/div><div class=\"eael-posted-on\"><time datetime=\"agosto 28, 2025\">agosto 28, 2025<\/time><\/div><\/div><\/div><\/div>\n        <\/div>\n    <\/article><article class=\"eael-post-block-item eael-post-block-column\">\n        <div class=\"eael-post-block-item-holder\">\n            <div class=\"eael-post-block-item-holder-inner\"><div class=\"eael-entry-media\">\n                        <div class=\"eael-entry-overlay fade-in\"><i class=\"fas fa-long-arrow-alt-right\" aria-hidden=\"true\"><\/i><a href=\"https:\/\/www.surpol.com\/es\/racionalizacion-de-los-convenios-colectivos-o-de-empresa\/\"rel=\"nofollow\"><\/a>\n                        <\/div>\n                        <div class=\"eael-entry-thumbnail\">\n                            <img decoding=\"async\" src=\"https:\/\/www.surpol.com\/wp-content\/uploads\/2025\/08\/convenis-1024x683.png\" alt=\"\">\n                        <\/div>\n                    <\/div><div class=\"eael-entry-wrapper\">\n                        <header class=\"eael-entry-header\"><h2 class=\"eael-entry-title\"><a class=\"eael-grid-post-link\" href=\"https:\/\/www.surpol.com\/es\/racionalizacion-de-los-convenios-colectivos-o-de-empresa\/\" title=\"Racionalitzaci\u00f3 dels convenis col\u00b7lectius o d&#8217;empresa\">Racionalizaci\u00f3n de los convenios colectivos o de empresa - Surpol<\/a><\/h2><\/header>\n                        \n                        <div class=\"eael-entry-content\"><div class=\"eael-grid-post-excerpt\"><p>Los convenios son herramientas fundamentales para regular las relaciones entre trabajadores y empresas. Deben...<\/p><\/div><\/div>\n                    <\/div><div class=\"eael-entry-footer\"><div class=\"eael-entry-meta\"><div class=\"eael-posted-by\"><a href=\"https:\/\/www.surpol.com\/es\/author\/marius-marti\/\" title=\"Entradas de Marius Mart\u00ed\" rel=\"author\">Marius Mart\u00ed<\/a><\/div><div class=\"eael-posted-on\"><time datetime=\"agosto 22, 2025\">agosto 22, 2025<\/time><\/div><\/div><\/div><\/div>\n        <\/div>\n    <\/article><article class=\"eael-post-block-item eael-post-block-column\">\n        <div class=\"eael-post-block-item-holder\">\n            <div class=\"eael-post-block-item-holder-inner\"><div class=\"eael-entry-media\">\n                        <div class=\"eael-entry-overlay fade-in\"><i class=\"fas fa-long-arrow-alt-right\" aria-hidden=\"true\"><\/i><a href=\"https:\/\/www.surpol.com\/es\/alcoholismo-en-el-entorno-laboral\/\"rel=\"nofollow\"><\/a>\n                        <\/div>\n                        <div class=\"eael-entry-thumbnail\">\n                            <img decoding=\"async\" src=\"https:\/\/www.surpol.com\/wp-content\/uploads\/2025\/08\/alcoholisme.jpg\" alt=\"\">\n                        <\/div>\n                    <\/div><div class=\"eael-entry-wrapper\">\n                        <header class=\"eael-entry-header\"><h2 class=\"eael-entry-title\"><a class=\"eael-grid-post-link\" href=\"https:\/\/www.surpol.com\/es\/alcoholismo-en-el-entorno-laboral\/\" title=\"Prevenci\u00f3n del alcoholismo en el entorno laboral: riesgos, causas y soluciones\">Prevenci\u00f3n del alcoholismo en el entorno laboral: riesgos, causas y soluciones<\/a><\/h2><\/header>\n                        \n                        <div class=\"eael-entry-content\"><div class=\"eael-grid-post-excerpt\"><p>El abordaje del alcoholismo en el entorno laboral no es solo responsabilidad del trabajador, sino tambi\u00e9n de...<\/p><\/div><\/div>\n                    <\/div><div class=\"eael-entry-footer\"><div class=\"eael-entry-meta\"><div class=\"eael-posted-by\"><a href=\"https:\/\/www.surpol.com\/es\/author\/heitu\/\" title=\"Entradas de Merc\u00e8 Vila\" rel=\"author\">Merc\u00e8 Vila<\/a><\/div><div class=\"eael-posted-on\"><time datetime=\"agosto 12, 2025\">agosto 12, 2025<\/time><\/div><\/div><\/div><\/div>\n        <\/div>\n    <\/article><article class=\"eael-post-block-item eael-post-block-column\">\n        <div class=\"eael-post-block-item-holder\">\n            <div class=\"eael-post-block-item-holder-inner\"><div class=\"eael-entry-media\">\n                        <div class=\"eael-entry-overlay fade-in\"><i class=\"fas fa-long-arrow-alt-right\" aria-hidden=\"true\"><\/i><a href=\"https:\/\/www.surpol.com\/es\/salud-ocular-pantallas-prevencion\/\"rel=\"nofollow\"><\/a>\n                        <\/div>\n                        <div class=\"eael-entry-thumbnail\">\n                            <img decoding=\"async\" src=\"https:\/\/www.surpol.com\/wp-content\/uploads\/2025\/08\/Captura-de-pantalla-2025-08-08-102732.jpg\" alt=\"\">\n                        <\/div>\n                    <\/div><div class=\"eael-entry-wrapper\">\n                        <header class=\"eael-entry-header\"><h2 class=\"eael-entry-title\"><a class=\"eael-grid-post-link\" href=\"https:\/\/www.surpol.com\/es\/salud-ocular-pantallas-prevencion\/\" title=\"Salud ocular frente a la pantalla: prevenci\u00f3n del sindrome del ojo seco y la fatiga visual\">Salud ocular frente a la pantalla: prevenci\u00f3n del sindrome del ojo seco y la fatiga visual<\/a><\/h2><\/header>\n                        \n                        <div class=\"eael-entry-content\"><div class=\"eael-grid-post-excerpt\"><p>La salut ocular \u00e9s essencial en un entorn laboral cada vegada m\u00e9s digital. L\u2019\u00fas continuat...<\/p><\/div><\/div>\n                    <\/div><div class=\"eael-entry-footer\"><div class=\"eael-entry-meta\"><div class=\"eael-posted-by\"><a href=\"https:\/\/www.surpol.com\/es\/author\/heitu\/\" title=\"Entradas de Merc\u00e8 Vila\" rel=\"author\">Merc\u00e8 Vila<\/a><\/div><div class=\"eael-posted-on\"><time datetime=\"agosto 8, 2025\">agosto 8, 2025<\/time><\/div><\/div><\/div><\/div>\n        <\/div>\n    <\/article><article class=\"eael-post-block-item eael-post-block-column\">\n        <div class=\"eael-post-block-item-holder\">\n            <div class=\"eael-post-block-item-holder-inner\"><div class=\"eael-entry-media\">\n                        <div class=\"eael-entry-overlay fade-in\"><i class=\"fas fa-long-arrow-alt-right\" aria-hidden=\"true\"><\/i><a href=\"https:\/\/www.surpol.com\/es\/corte-de-digestion-y-ahogamiento-en-playas-y-piscinas\/\"rel=\"nofollow\"><\/a>\n                        <\/div>\n                        <div class=\"eael-entry-thumbnail\">\n                            <img decoding=\"async\" src=\"https:\/\/www.surpol.com\/wp-content\/uploads\/2025\/08\/Tall-de-digestio.png\" alt=\"\">\n                        <\/div>\n                    <\/div><div class=\"eael-entry-wrapper\">\n                        <header class=\"eael-entry-header\"><h2 class=\"eael-entry-title\"><a class=\"eael-grid-post-link\" href=\"https:\/\/www.surpol.com\/es\/corte-de-digestion-y-ahogamiento-en-playas-y-piscinas\/\" title=\"Corte de digesti\u00f3n y ahogamiento en playas y piscinas\">Corte de digesti\u00f3n y ahogamiento en playas y piscinas<\/a><\/h2><\/header>\n                        \n                        <div class=\"eael-entry-content\"><div class=\"eael-grid-post-excerpt\"><p>El fam\u00f3s \u201ctall de digesti\u00f3\u201d com a tal no existeix m\u00e8dicament. L\u2019anomenem aix\u00ed perqu\u00e8 els...<\/p><\/div><\/div>\n                    <\/div><div class=\"eael-entry-footer\"><div class=\"eael-entry-meta\"><div class=\"eael-posted-by\"><a href=\"https:\/\/www.surpol.com\/es\/author\/marius-marti\/\" title=\"Entradas de Marius Mart\u00ed\" rel=\"author\">Marius Mart\u00ed<\/a><\/div><div class=\"eael-posted-on\"><time datetime=\"agosto 6, 2025\">agosto 6, 2025<\/time><\/div><\/div><\/div><\/div>\n        <\/div>\n    <\/article><article class=\"eael-post-block-item eael-post-block-column\">\n        <div class=\"eael-post-block-item-holder\">\n            <div class=\"eael-post-block-item-holder-inner\"><div class=\"eael-entry-media\">\n                        <div class=\"eael-entry-overlay fade-in\"><i class=\"fas fa-long-arrow-alt-right\" aria-hidden=\"true\"><\/i><a href=\"https:\/\/www.surpol.com\/es\/la-prevencion-de-riesgos-laborales-una-crisis-anunciada\/\"rel=\"nofollow\"><\/a>\n                        <\/div>\n                        <div class=\"eael-entry-thumbnail\">\n                            <img decoding=\"async\" src=\"https:\/\/www.surpol.com\/wp-content\/uploads\/2025\/08\/prl-en-crisi.png\" alt=\"\">\n                        <\/div>\n                    <\/div><div class=\"eael-entry-wrapper\">\n                        <header class=\"eael-entry-header\"><h2 class=\"eael-entry-title\"><a class=\"eael-grid-post-link\" href=\"https:\/\/www.surpol.com\/es\/la-prevencion-de-riesgos-laborales-una-crisis-anunciada\/\" title=\"Estamos hartos: la prevenci\u00f3n de riesgos laborales est\u00e1 en crisis\">Estamos hartos: la prevenci\u00f3n de riesgos laborales est\u00e1 en crisis<\/a><\/h2><\/header>\n                        \n                        <div class=\"eael-entry-content\"><div class=\"eael-grid-post-excerpt\"><p>Ahir, 4 d\u2019agost de 2025, sindicats i un col\u00b7lectiu d\u2019economistes van declarar p\u00fablicament que la...<\/p><\/div><\/div>\n                    <\/div><div class=\"eael-entry-footer\"><div class=\"eael-entry-meta\"><div class=\"eael-posted-by\"><a href=\"https:\/\/www.surpol.com\/es\/author\/marius-marti\/\" title=\"Entradas de Marius Mart\u00ed\" rel=\"author\">Marius Mart\u00ed<\/a><\/div><div class=\"eael-posted-on\"><time datetime=\"agosto 5, 2025\">agosto 5, 2025<\/time><\/div><\/div><\/div><\/div>\n        <\/div>\n    <\/article><article class=\"eael-post-block-item eael-post-block-column\">\n        <div class=\"eael-post-block-item-holder\">\n            <div class=\"eael-post-block-item-holder-inner\"><div class=\"eael-entry-media\">\n                        <div class=\"eael-entry-overlay fade-in\"><i class=\"fas fa-long-arrow-alt-right\" aria-hidden=\"true\"><\/i><a href=\"https:\/\/www.surpol.com\/es\/els-drets-linguistics-dels-treballadors\/\"rel=\"nofollow\"><\/a>\n                        <\/div>\n                        <div class=\"eael-entry-thumbnail\">\n                            <img decoding=\"async\" src=\"https:\/\/www.surpol.com\/wp-content\/uploads\/2025\/07\/parlacatala.jpg\" alt=\"\">\n                        <\/div>\n                    <\/div><div class=\"eael-entry-wrapper\">\n                        <header class=\"eael-entry-header\"><h2 class=\"eael-entry-title\"><a class=\"eael-grid-post-link\" href=\"https:\/\/www.surpol.com\/es\/els-drets-linguistics-dels-treballadors\/\" title=\"Els drets ling\u00fc\u00edstics dels treballadors i la situaci\u00f3 del catal\u00e0\">Els drets ling\u00fc\u00edstics dels treballadors i la situaci\u00f3 del catal\u00e0<\/a><\/h2><\/header>\n                        \n                        <div class=\"eael-entry-content\"><div class=\"eael-grid-post-excerpt\"><p>Molts catalans es veuen for\u00e7ats a canviar de llengua a la feina per \"no generar...<\/p><\/div><\/div>\n                    <\/div><div class=\"eael-entry-footer\"><div class=\"eael-entry-meta\"><div class=\"eael-posted-by\"><a href=\"https:\/\/www.surpol.com\/es\/author\/heitu\/\" title=\"Entradas de Merc\u00e8 Vila\" rel=\"author\">Merc\u00e8 Vila<\/a><\/div><div class=\"eael-posted-on\"><time datetime=\"julio 28, 2025\">julio 28, 2025<\/time><\/div><\/div><\/div><\/div>\n        <\/div>\n    <\/article><article class=\"eael-post-block-item eael-post-block-column\">\n        <div class=\"eael-post-block-item-holder\">\n            <div class=\"eael-post-block-item-holder-inner\"><div class=\"eael-entry-media\">\n                        <div class=\"eael-entry-overlay fade-in\"><i class=\"fas fa-long-arrow-alt-right\" aria-hidden=\"true\"><\/i><a href=\"https:\/\/www.surpol.com\/es\/la-importancia-y-obligatoriedad-de-implantar-un-plan-lgtbi-en-las-empresas\/\"rel=\"nofollow\"><\/a>\n                        <\/div>\n                        <div class=\"eael-entry-thumbnail\">\n                            <img decoding=\"async\" src=\"https:\/\/www.surpol.com\/wp-content\/uploads\/2025\/07\/mans.png\" alt=\"\">\n                        <\/div>\n                    <\/div><div class=\"eael-entry-wrapper\">\n                        <header class=\"eael-entry-header\"><h2 class=\"eael-entry-title\"><a class=\"eael-grid-post-link\" href=\"https:\/\/www.surpol.com\/es\/la-importancia-y-obligatoriedad-de-implantar-un-plan-lgtbi-en-las-empresas\/\" title=\"La importancia y obligatoriedad de implantar un plan LGTBI en las empresas\">La importancia y obligatoriedad de implantar un plan LGTBI en las empresas<\/a><\/h2><\/header>\n                        \n                        <div class=\"eael-entry-content\"><div class=\"eael-grid-post-excerpt\"><p>Curs online LGTBI legal i bonificable per empreses. Obligatori per a m\u00e9s de 50 treballadors....<\/p><\/div><\/div>\n                    <\/div><div class=\"eael-entry-footer\"><div class=\"eael-entry-meta\"><div class=\"eael-posted-by\"><a href=\"https:\/\/www.surpol.com\/es\/author\/heitu\/\" title=\"Entradas de Merc\u00e8 Vila\" rel=\"author\">Merc\u00e8 Vila<\/a><\/div><div class=\"eael-posted-on\"><time datetime=\"julio 22, 2025\">julio 22, 2025<\/time><\/div><\/div><\/div><\/div>\n        <\/div>\n    <\/article><article class=\"eael-post-block-item eael-post-block-column\">\n        <div class=\"eael-post-block-item-holder\">\n            <div class=\"eael-post-block-item-holder-inner\"><div class=\"eael-entry-media\">\n                        <div class=\"eael-entry-overlay fade-in\"><i class=\"fas fa-long-arrow-alt-right\" aria-hidden=\"true\"><\/i><a href=\"https:\/\/www.surpol.com\/es\/la-prevencion-del-riesgo-o-la-prevencion-de-los-accidentes\/\"rel=\"nofollow\"><\/a>\n                        <\/div>\n                        <div class=\"eael-entry-thumbnail\">\n                            <img decoding=\"async\" src=\"https:\/\/www.surpol.com\/wp-content\/uploads\/2025\/07\/riesgo.jpg\" alt=\"\">\n                        <\/div>\n                    <\/div><div class=\"eael-entry-wrapper\">\n                        <header class=\"eael-entry-header\"><h2 class=\"eael-entry-title\"><a class=\"eael-grid-post-link\" href=\"https:\/\/www.surpol.com\/es\/la-prevencion-del-riesgo-o-la-prevencion-de-los-accidentes\/\" title=\"\u00bfLa prevenci\u00f3n del riesgo o la prevenci\u00f3n de los accidentes?\">\u00bfLa prevenci\u00f3n del riesgo o la prevenci\u00f3n de los accidentes?<\/a><\/h2><\/header>\n                        \n                        <div class=\"eael-entry-content\"><div class=\"eael-grid-post-excerpt\"><p>Ens hem acostumat a conviure amb el risc; de fet, el risc \u00e9s quelcom subjectiu,...<\/p><\/div><\/div>\n                    <\/div><div class=\"eael-entry-footer\"><div class=\"eael-entry-meta\"><div class=\"eael-posted-by\"><a href=\"https:\/\/www.surpol.com\/es\/author\/marius-marti\/\" title=\"Entradas de Marius Mart\u00ed\" rel=\"author\">Marius Mart\u00ed<\/a><\/div><div class=\"eael-posted-on\"><time datetime=\"julio 4, 2025\">julio 4, 2025<\/time><\/div><\/div><\/div><\/div>\n        <\/div>\n    <\/article><article class=\"eael-post-block-item eael-post-block-column\">\n        <div class=\"eael-post-block-item-holder\">\n            <div class=\"eael-post-block-item-holder-inner\"><div class=\"eael-entry-media\">\n                        <div class=\"eael-entry-overlay fade-in\"><i class=\"fas fa-long-arrow-alt-right\" aria-hidden=\"true\"><\/i><a href=\"https:\/\/www.surpol.com\/es\/encuestas-de-riesgos-psicosociales-eficacia-o-simple-tramite\/\"rel=\"nofollow\"><\/a>\n                        <\/div>\n                        <div class=\"eael-entry-thumbnail\">\n                            <img decoding=\"async\" src=\"https:\/\/www.surpol.com\/wp-content\/uploads\/2025\/06\/rpsico.png\" alt=\"\">\n                        <\/div>\n                    <\/div><div class=\"eael-entry-wrapper\">\n                        <header class=\"eael-entry-header\"><h2 class=\"eael-entry-title\"><a class=\"eael-grid-post-link\" href=\"https:\/\/www.surpol.com\/es\/encuestas-de-riesgos-psicosociales-eficacia-o-simple-tramite\/\" title=\"Encuestas de riesgos psicosociales: \u00bfeficacia o simple tr\u00e1mite?\">Encuestas de riesgos psicosociales: \u00bfeficacia o simple tr\u00e1mite?<\/a><\/h2><\/header>\n                        \n                        <div class=\"eael-entry-content\"><div class=\"eael-grid-post-excerpt\"><p>L\u2019efic\u00e0cia de les enquestes de riscos psicosocials \u00e9s un tema delicat, complex i, sovint, generador...<\/p><\/div><\/div>\n                    <\/div><div class=\"eael-entry-footer\"><div class=\"eael-entry-meta\"><div class=\"eael-posted-by\"><a href=\"https:\/\/www.surpol.com\/es\/author\/marius-marti\/\" title=\"Entradas de Marius Mart\u00ed\" rel=\"author\">Marius Mart\u00ed<\/a><\/div><div class=\"eael-posted-on\"><time datetime=\"junio 29, 2025\">junio 29, 2025<\/time><\/div><\/div><\/div><\/div>\n        <\/div>\n    <\/article><article class=\"eael-post-block-item eael-post-block-column\">\n        <div class=\"eael-post-block-item-holder\">\n            <div class=\"eael-post-block-item-holder-inner\"><div class=\"eael-entry-media\">\n                        <div class=\"eael-entry-overlay fade-in\"><i class=\"fas fa-long-arrow-alt-right\" aria-hidden=\"true\"><\/i><a href=\"https:\/\/www.surpol.com\/es\/cinta-aislante-una-solucion-rapida-pero-no-segura\/\"rel=\"nofollow\"><\/a>\n                        <\/div>\n                        <div class=\"eael-entry-thumbnail\">\n                            <img decoding=\"async\" src=\"https:\/\/www.surpol.com\/wp-content\/uploads\/2025\/06\/cintaislante.jpg\" alt=\"\">\n                        <\/div>\n                    <\/div><div class=\"eael-entry-wrapper\">\n                        <header class=\"eael-entry-header\"><h2 class=\"eael-entry-title\"><a class=\"eael-grid-post-link\" href=\"https:\/\/www.surpol.com\/es\/cinta-aislante-una-solucion-rapida-pero-no-segura\/\" title=\"Cinta aislante: una soluci\u00f3n r\u00e1pida, pero no segura\">Cinta aislante: una soluci\u00f3n r\u00e1pida, pero no segura<\/a><\/h2><\/header>\n                        \n                        <div class=\"eael-entry-content\"><div class=\"eael-grid-post-excerpt\"><p>Tots hem utilitzat cinta a\u00efllant alguna vegada per reparar un cable o un allargador el\u00e8ctric,...<\/p><\/div><\/div>\n                    <\/div><div class=\"eael-entry-footer\"><div class=\"eael-entry-meta\"><div class=\"eael-posted-by\"><a href=\"https:\/\/www.surpol.com\/es\/author\/marius-marti\/\" title=\"Entradas de Marius Mart\u00ed\" rel=\"author\">Marius Mart\u00ed<\/a><\/div><div class=\"eael-posted-on\"><time datetime=\"junio 25, 2025\">junio 25, 2025<\/time><\/div><\/div><\/div><\/div>\n        <\/div>\n    <\/article><article class=\"eael-post-block-item eael-post-block-column\">\n        <div class=\"eael-post-block-item-holder\">\n            <div class=\"eael-post-block-item-holder-inner\"><div class=\"eael-entry-media\">\n                        <div class=\"eael-entry-overlay fade-in\"><i class=\"fas fa-long-arrow-alt-right\" aria-hidden=\"true\"><\/i><a href=\"https:\/\/www.surpol.com\/es\/evitemos-incendios-cada-segundo-cuenta\/\"rel=\"nofollow\"><\/a>\n                        <\/div>\n                        <div class=\"eael-entry-thumbnail\">\n                            <img decoding=\"async\" src=\"https:\/\/www.surpol.com\/wp-content\/uploads\/2025\/06\/incendi2.jpg\" alt=\"\">\n                        <\/div>\n                    <\/div><div class=\"eael-entry-wrapper\">\n                        <header class=\"eael-entry-header\"><h2 class=\"eael-entry-title\"><a class=\"eael-grid-post-link\" href=\"https:\/\/www.surpol.com\/es\/evitemos-incendios-cada-segundo-cuenta\/\" title=\"Evitemos incendios: cada segundo cuenta\">Evitemos incendios: cada segundo cuenta<\/a><\/h2><\/header>\n                        \n                        <div class=\"eael-entry-content\"><div class=\"eael-grid-post-excerpt\"><p>Ja estem en plena \u00e8poca de calor, i en molts indrets la pluja fa dies...<\/p><\/div><\/div>\n                    <\/div><div class=\"eael-entry-footer\"><div class=\"eael-entry-meta\"><div class=\"eael-posted-by\"><a href=\"https:\/\/www.surpol.com\/es\/author\/marius-marti\/\" title=\"Entradas de Marius Mart\u00ed\" rel=\"author\">Marius Mart\u00ed<\/a><\/div><div class=\"eael-posted-on\"><time datetime=\"junio 22, 2025\">junio 22, 2025<\/time><\/div><\/div><\/div><\/div>\n        <\/div>\n    <\/article><article class=\"eael-post-block-item eael-post-block-column\">\n        <div class=\"eael-post-block-item-holder\">\n            <div class=\"eael-post-block-item-holder-inner\"><div class=\"eael-entry-media\">\n                        <div class=\"eael-entry-overlay fade-in\"><i class=\"fas fa-long-arrow-alt-right\" aria-hidden=\"true\"><\/i><a href=\"https:\/\/www.surpol.com\/es\/salvamento-en-las-playas-una-cuestion-de-profesionalidad-y-responsabilidad\/\"rel=\"nofollow\"><\/a>\n                        <\/div>\n                        <div class=\"eael-entry-thumbnail\">\n                            <img decoding=\"async\" src=\"https:\/\/www.surpol.com\/wp-content\/uploads\/2025\/06\/platja.jpg\" alt=\"\">\n                        <\/div>\n                    <\/div><div class=\"eael-entry-wrapper\">\n                        <header class=\"eael-entry-header\"><h2 class=\"eael-entry-title\"><a class=\"eael-grid-post-link\" href=\"https:\/\/www.surpol.com\/es\/salvamento-en-las-playas-una-cuestion-de-profesionalidad-y-responsabilidad\/\" title=\"Salvamento en las playas: una cuesti\u00f3n de profesionalidad y responsabilidad\">Salvamento en las playas: una cuesti\u00f3n de profesionalidad y responsabilidad<\/a><\/h2><\/header>\n                        \n                        <div class=\"eael-entry-content\"><div class=\"eael-grid-post-excerpt\"><p>Observo els serveis de salvament contractats a les platges catalanes, em fixo amb detall en...<\/p><\/div><\/div>\n                    <\/div><div class=\"eael-entry-footer\"><div class=\"eael-entry-meta\"><div class=\"eael-posted-by\"><a href=\"https:\/\/www.surpol.com\/es\/author\/marius-marti\/\" title=\"Entradas de Marius Mart\u00ed\" rel=\"author\">Marius Mart\u00ed<\/a><\/div><div class=\"eael-posted-on\"><time datetime=\"junio 16, 2025\">junio 16, 2025<\/time><\/div><\/div><\/div><\/div>\n        <\/div>\n    <\/article><article class=\"eael-post-block-item eael-post-block-column\">\n        <div class=\"eael-post-block-item-holder\">\n            <div class=\"eael-post-block-item-holder-inner\"><div class=\"eael-entry-media\">\n                        <div class=\"eael-entry-overlay fade-in\"><i class=\"fas fa-long-arrow-alt-right\" aria-hidden=\"true\"><\/i><a href=\"https:\/\/www.surpol.com\/es\/cultura-preventiva-una-asignatura-pendiente\/\"rel=\"nofollow\"><\/a>\n                        <\/div>\n                        <div class=\"eael-entry-thumbnail\">\n                            <img decoding=\"async\" src=\"https:\/\/www.surpol.com\/wp-content\/uploads\/2025\/06\/cultura-preventiva.jpg\" alt=\"\">\n                        <\/div>\n                    <\/div><div class=\"eael-entry-wrapper\">\n                        <header class=\"eael-entry-header\"><h2 class=\"eael-entry-title\"><a class=\"eael-grid-post-link\" href=\"https:\/\/www.surpol.com\/es\/cultura-preventiva-una-asignatura-pendiente\/\" title=\"Cultura preventiva: una asignatura pendiente\">Cultura preventiva: una asignatura pendiente<\/a><\/h2><\/header>\n                        \n                        <div class=\"eael-entry-content\"><div class=\"eael-grid-post-excerpt\"><p>Cada dia ens sorprenen not\u00edcies als mitjans de comunicaci\u00f3 que ens mostren les excentricitats i...<\/p><\/div><\/div>\n                    <\/div><div class=\"eael-entry-footer\"><div class=\"eael-entry-meta\"><div class=\"eael-posted-by\"><a href=\"https:\/\/www.surpol.com\/es\/author\/marius-marti\/\" title=\"Entradas de Marius Mart\u00ed\" rel=\"author\">Marius Mart\u00ed<\/a><\/div><div class=\"eael-posted-on\"><time datetime=\"junio 12, 2025\">junio 12, 2025<\/time><\/div><\/div><\/div><\/div>\n        <\/div>\n    <\/article><article class=\"eael-post-block-item eael-post-block-column\">\n        <div class=\"eael-post-block-item-holder\">\n            <div class=\"eael-post-block-item-holder-inner\"><div class=\"eael-entry-media\">\n                        <div class=\"eael-entry-overlay fade-in\"><i class=\"fas fa-long-arrow-alt-right\" aria-hidden=\"true\"><\/i><a href=\"https:\/\/www.surpol.com\/es\/examenes-a-la-carta-y-las-urgencias-tambien\/\"rel=\"nofollow\"><\/a>\n                        <\/div>\n                        <div class=\"eael-entry-thumbnail\">\n                            <img decoding=\"async\" src=\"https:\/\/www.surpol.com\/wp-content\/uploads\/2025\/06\/examen.jpg\" alt=\"\">\n                        <\/div>\n                    <\/div><div class=\"eael-entry-wrapper\">\n                        <header class=\"eael-entry-header\"><h2 class=\"eael-entry-title\"><a class=\"eael-grid-post-link\" href=\"https:\/\/www.surpol.com\/es\/examenes-a-la-carta-y-las-urgencias-tambien\/\" title=\"Ex\u00e1menes a la carta (\u00bfy las urgencias tambi\u00e9n?)\">Ex\u00e1menes a la carta (\u00bfy las urgencias tambi\u00e9n?)<\/a><\/h2><\/header>\n                        \n                        <div class=\"eael-entry-content\"><div class=\"eael-grid-post-excerpt\"><p>Les darreres not\u00edcies publicades als mitjans de comunicaci\u00f3 semblen indicar que hem perdut, no nom\u00e9s...<\/p><\/div><\/div>\n                    <\/div><div class=\"eael-entry-footer\"><div class=\"eael-entry-meta\"><div class=\"eael-posted-by\"><a href=\"https:\/\/www.surpol.com\/es\/author\/marius-marti\/\" title=\"Entradas de Marius Mart\u00ed\" rel=\"author\">Marius Mart\u00ed<\/a><\/div><div class=\"eael-posted-on\"><time datetime=\"junio 11, 2025\">junio 11, 2025<\/time><\/div><\/div><\/div><\/div>\n        <\/div>\n    <\/article><article class=\"eael-post-block-item eael-post-block-column\">\n        <div class=\"eael-post-block-item-holder\">\n            <div class=\"eael-post-block-item-holder-inner\"><div class=\"eael-entry-media\">\n                        <div class=\"eael-entry-overlay fade-in\"><i class=\"fas fa-long-arrow-alt-right\" aria-hidden=\"true\"><\/i><a href=\"https:\/\/www.surpol.com\/es\/llega-el-calor-precauciones\/\"rel=\"nofollow\"><\/a>\n                        <\/div>\n                        <div class=\"eael-entry-thumbnail\">\n                            <img decoding=\"async\" src=\"https:\/\/www.surpol.com\/wp-content\/uploads\/2025\/05\/calor.jpg\" alt=\"\">\n                        <\/div>\n                    <\/div><div class=\"eael-entry-wrapper\">\n                        <header class=\"eael-entry-header\"><h2 class=\"eael-entry-title\"><a class=\"eael-grid-post-link\" href=\"https:\/\/www.surpol.com\/es\/llega-el-calor-precauciones\/\" title=\"Llega el calor: tomemos precauciones\">Llega el calor: tomemos precauciones<\/a><\/h2><\/header>\n                        \n                        <div class=\"eael-entry-content\"><div class=\"eael-grid-post-excerpt\"><p>Tornem a entrar en l\u2019\u00e8poca de l\u2019any en qu\u00e8 les temperatures poden arribar a ser...<\/p><\/div><\/div>\n                    <\/div><div class=\"eael-entry-footer\"><div class=\"eael-entry-meta\"><div class=\"eael-posted-by\"><a href=\"https:\/\/www.surpol.com\/es\/author\/marius-marti\/\" title=\"Entradas de Marius Mart\u00ed\" rel=\"author\">Marius Mart\u00ed<\/a><\/div><div class=\"eael-posted-on\"><time datetime=\"mayo 30, 2025\">mayo 30, 2025<\/time><\/div><\/div><\/div><\/div>\n        <\/div>\n    <\/article><article class=\"eael-post-block-item eael-post-block-column\">\n        <div class=\"eael-post-block-item-holder\">\n            <div class=\"eael-post-block-item-holder-inner\"><div class=\"eael-entry-media\">\n                        <div class=\"eael-entry-overlay fade-in\"><i class=\"fas fa-long-arrow-alt-right\" aria-hidden=\"true\"><\/i><a href=\"https:\/\/www.surpol.com\/es\/los-autonomos-pueden-subcontratar-aclaramos-tus-dudas\/\"rel=\"nofollow\"><\/a>\n                        <\/div>\n                        <div class=\"eael-entry-thumbnail\">\n                            <img decoding=\"async\" src=\"https:\/\/www.surpol.com\/wp-content\/uploads\/2025\/04\/Untitled-2.jpg\" alt=\"\">\n                        <\/div>\n                    <\/div><div class=\"eael-entry-wrapper\">\n                        <header class=\"eael-entry-header\"><h2 class=\"eael-entry-title\"><a class=\"eael-grid-post-link\" href=\"https:\/\/www.surpol.com\/es\/los-autonomos-pueden-subcontratar-aclaramos-tus-dudas\/\" title=\"\u00bfLos aut\u00f3nomos pueden subcontratar? Aclaramos tus dudas\">\u00bfLos aut\u00f3nomos pueden subcontratar? Aclaramos tus dudas<\/a><\/h2><\/header>\n                        \n                        <div class=\"eael-entry-content\"><div class=\"eael-grid-post-excerpt\"><p>Recibimos muchas consultas sobre si los AUT\u00d3NOMOS pueden subcontratar.<\/p><\/div><\/div>\n                    <\/div><div class=\"eael-entry-footer\"><div class=\"eael-entry-meta\"><div class=\"eael-posted-by\"><a href=\"https:\/\/www.surpol.com\/es\/author\/marius-marti\/\" title=\"Entradas de Marius Mart\u00ed\" rel=\"author\">Marius Mart\u00ed<\/a><\/div><div class=\"eael-posted-on\"><time datetime=\"abril 19, 2025\">abril 19, 2025<\/time><\/div><\/div><\/div><\/div>\n        <\/div>\n    <\/article><article class=\"eael-post-block-item eael-post-block-column\">\n        <div class=\"eael-post-block-item-holder\">\n            <div class=\"eael-post-block-item-holder-inner\"><div class=\"eael-entry-media\">\n                        <div class=\"eael-entry-overlay fade-in\"><i class=\"fas fa-long-arrow-alt-right\" aria-hidden=\"true\"><\/i><a href=\"https:\/\/www.surpol.com\/es\/el-estres-invisible-de-los-community-managers\/\"rel=\"nofollow\"><\/a>\n                        <\/div>\n                        <div class=\"eael-entry-thumbnail\">\n                            <img decoding=\"async\" src=\"https:\/\/www.surpol.com\/wp-content\/uploads\/2025\/04\/cm-surpol.jpg\" alt=\"\">\n                        <\/div>\n                    <\/div><div class=\"eael-entry-wrapper\">\n                        <header class=\"eael-entry-header\"><h2 class=\"eael-entry-title\"><a class=\"eael-grid-post-link\" href=\"https:\/\/www.surpol.com\/es\/el-estres-invisible-de-los-community-managers\/\" title=\"El estr\u00e9s invisible de los community managers\">El estr\u00e9s invisible de los community managers<\/a><\/h2><\/header>\n                        \n                        <div class=\"eael-entry-content\"><div class=\"eael-grid-post-excerpt\"><p>Cuando la gesti\u00f3n de redes sociales se convierte en una carga emocional<\/p><\/div><\/div>\n                    <\/div><div class=\"eael-entry-footer\"><div class=\"eael-entry-meta\"><div class=\"eael-posted-by\"><a href=\"https:\/\/www.surpol.com\/es\/author\/heitu\/\" title=\"Entradas de Merc\u00e8 Vila\" rel=\"author\">Merc\u00e8 Vila<\/a><\/div><div class=\"eael-posted-on\"><time datetime=\"abril 17, 2025\">abril 17, 2025<\/time><\/div><\/div><\/div><\/div>\n        <\/div>\n    <\/article><article class=\"eael-post-block-item eael-post-block-column\">\n        <div class=\"eael-post-block-item-holder\">\n            <div class=\"eael-post-block-item-holder-inner\"><div class=\"eael-entry-media\">\n                        <div class=\"eael-entry-overlay fade-in\"><i class=\"fas fa-long-arrow-alt-right\" aria-hidden=\"true\"><\/i><a href=\"https:\/\/www.surpol.com\/es\/ansiedad-por-la-ia\/\"rel=\"nofollow\"><\/a>\n                        <\/div>\n                        <div class=\"eael-entry-thumbnail\">\n                            <img decoding=\"async\" src=\"https:\/\/www.surpol.com\/wp-content\/uploads\/2025\/04\/inteligencia.jpg\" alt=\"\">\n                        <\/div>\n                    <\/div><div class=\"eael-entry-wrapper\">\n                        <header class=\"eael-entry-header\"><h2 class=\"eael-entry-title\"><a class=\"eael-grid-post-link\" href=\"https:\/\/www.surpol.com\/es\/ansiedad-por-la-ia\/\" title=\"L&#8217;angoixa que causa la IA\">La ansiedad que causa la IA<\/a><\/h2><\/header>\n                        \n                        <div class=\"eael-entry-content\"><div class=\"eael-grid-post-excerpt\"><p>La IA ens fa perdre un temps valu\u00f3s i ens impedeix continuar amb la nostra...<\/p><\/div><\/div>\n                    <\/div><div class=\"eael-entry-footer\"><div class=\"eael-entry-meta\"><div class=\"eael-posted-by\"><a href=\"https:\/\/www.surpol.com\/es\/author\/marius-marti\/\" title=\"Entradas de Marius Mart\u00ed\" rel=\"author\">Marius Mart\u00ed<\/a><\/div><div class=\"eael-posted-on\"><time datetime=\"abril 15, 2025\">abril 15, 2025<\/time><\/div><\/div><\/div><\/div>\n        <\/div>\n    <\/article><article class=\"eael-post-block-item eael-post-block-column\">\n        <div class=\"eael-post-block-item-holder\">\n            <div class=\"eael-post-block-item-holder-inner\"><div class=\"eael-entry-media\">\n                        <div class=\"eael-entry-overlay fade-in\"><i class=\"fas fa-long-arrow-alt-right\" aria-hidden=\"true\"><\/i><a href=\"https:\/\/www.surpol.com\/es\/entrevista-a-marius-marti-a-via-empresa\/\"rel=\"nofollow\"><\/a>\n                        <\/div>\n                        <div class=\"eael-entry-thumbnail\">\n                            <img decoding=\"async\" src=\"https:\/\/www.surpol.com\/wp-content\/uploads\/2025\/02\/viaempresa.jpg\" alt=\"\">\n                        <\/div>\n                    <\/div><div class=\"eael-entry-wrapper\">\n                        <header class=\"eael-entry-header\"><h2 class=\"eael-entry-title\"><a class=\"eael-grid-post-link\" href=\"https:\/\/www.surpol.com\/es\/entrevista-a-marius-marti-a-via-empresa\/\" title=\"ENTREVISTA A MARIUS MART\u00cd EN VIA EMPRESA\">ENTREVISTA A MARIUS MART\u00cd EN VIA EMPRESA<\/a><\/h2><\/header>\n                        \n                        <div class=\"eael-entry-content\"><div class=\"eael-grid-post-excerpt\"><p>Via Empresa ha entrevistat M\u00e0rius Mart\u00ed, president de l'Associaci\u00f3 Catalana de T\u00e8cnics de Prevenci\u00f3 de...<\/p><\/div><\/div>\n                    <\/div><div class=\"eael-entry-footer\"><div class=\"eael-entry-meta\"><div class=\"eael-posted-by\"><a href=\"https:\/\/www.surpol.com\/es\/author\/heitu\/\" title=\"Entradas de Merc\u00e8 Vila\" rel=\"author\">Merc\u00e8 Vila<\/a><\/div><div class=\"eael-posted-on\"><time datetime=\"febrero 9, 2025\">febrero 9, 2025<\/time><\/div><\/div><\/div><\/div>\n        <\/div>\n    <\/article><article class=\"eael-post-block-item eael-post-block-column\">\n        <div class=\"eael-post-block-item-holder\">\n            <div class=\"eael-post-block-item-holder-inner\"><div class=\"eael-entry-media\">\n                        <div class=\"eael-entry-overlay fade-in\"><i class=\"fas fa-long-arrow-alt-right\" aria-hidden=\"true\"><\/i><a href=\"https:\/\/www.surpol.com\/es\/el-servei-catala-de-transit-es-mira-el-melic\/\"rel=\"nofollow\"><\/a>\n                        <\/div>\n                        <div class=\"eael-entry-thumbnail\">\n                            <img decoding=\"async\" src=\"https:\/\/www.surpol.com\/wp-content\/uploads\/2025\/02\/accident.jpg\" alt=\"\">\n                        <\/div>\n                    <\/div><div class=\"eael-entry-wrapper\">\n                        <header class=\"eael-entry-header\"><h2 class=\"eael-entry-title\"><a class=\"eael-grid-post-link\" href=\"https:\/\/www.surpol.com\/es\/el-servei-catala-de-transit-es-mira-el-melic\/\" title=\"EL SERVEI CATAL\u00c0 DE TR\u00c0NSIT ES MIRA EL MELIC\">EL SERVEI CATAL\u00c0 DE TR\u00c0NSIT ES MIRA EL MELIC<\/a><\/h2><\/header>\n                        \n                        <div class=\"eael-entry-content\"><div class=\"eael-grid-post-excerpt\"><p>No es pot esperar que arribi el problema o la desgr\u00e0cia per buscar la soluci\u00f3.<\/p><\/div><\/div>\n                    <\/div><div class=\"eael-entry-footer\"><div class=\"eael-entry-meta\"><div class=\"eael-posted-by\"><a href=\"https:\/\/www.surpol.com\/es\/author\/marius-marti\/\" title=\"Entradas de Marius Mart\u00ed\" rel=\"author\">Marius Mart\u00ed<\/a><\/div><div class=\"eael-posted-on\"><time datetime=\"febrero 8, 2025\">febrero 8, 2025<\/time><\/div><\/div><\/div><\/div>\n        <\/div>\n    <\/article><article class=\"eael-post-block-item eael-post-block-column\">\n        <div class=\"eael-post-block-item-holder\">\n            <div class=\"eael-post-block-item-holder-inner\"><div class=\"eael-entry-media\">\n                        <div class=\"eael-entry-overlay fade-in\"><i class=\"fas fa-long-arrow-alt-right\" aria-hidden=\"true\"><\/i><a href=\"https:\/\/www.surpol.com\/es\/tragedia-tren-demasiado-preguntas-pocas-respuestas\/\"rel=\"nofollow\"><\/a>\n                        <\/div>\n                        <div class=\"eael-entry-thumbnail\">\n                            <img decoding=\"async\" src=\"https:\/\/www.surpol.com\/wp-content\/uploads\/2025\/01\/tren.png\" alt=\"\">\n                        <\/div>\n                    <\/div><div class=\"eael-entry-wrapper\">\n                        <header class=\"eael-entry-header\"><h2 class=\"eael-entry-title\"><a class=\"eael-grid-post-link\" href=\"https:\/\/www.surpol.com\/es\/tragedia-tren-demasiado-preguntas-pocas-respuestas\/\" title=\"Tragedia en el tren: demasiadas preguntas, pocas respuestas\">Tragedia en el tren: demasiadas preguntas, pocas respuestas<\/a><\/h2><\/header>\n                        \n                        <div class=\"eael-entry-content\"><div class=\"eael-grid-post-excerpt\"><p>Un nou i lamentable desastre a les vies del tren, aquesta vegada amb una altra...<\/p><\/div><\/div>\n                    <\/div><div class=\"eael-entry-footer\"><div class=\"eael-entry-meta\"><div class=\"eael-posted-by\"><a href=\"https:\/\/www.surpol.com\/es\/author\/marius-marti\/\" title=\"Entradas de Marius Mart\u00ed\" rel=\"author\">Marius Mart\u00ed<\/a><\/div><div class=\"eael-posted-on\"><time datetime=\"enero 29, 2025\">enero 29, 2025<\/time><\/div><\/div><\/div><\/div>\n        <\/div>\n    <\/article><article class=\"eael-post-block-item eael-post-block-column\">\n        <div class=\"eael-post-block-item-holder\">\n            <div class=\"eael-post-block-item-holder-inner\"><div class=\"eael-entry-media\">\n                        <div class=\"eael-entry-overlay fade-in\"><i class=\"fas fa-long-arrow-alt-right\" aria-hidden=\"true\"><\/i><a href=\"https:\/\/www.surpol.com\/es\/2025-continuem\/\"rel=\"nofollow\"><\/a>\n                        <\/div>\n                        <div class=\"eael-entry-thumbnail\">\n                            <img decoding=\"async\" src=\"https:\/\/www.surpol.com\/wp-content\/uploads\/2024\/12\/newyear.jpg\" alt=\"\">\n                        <\/div>\n                    <\/div><div class=\"eael-entry-wrapper\">\n                        <header class=\"eael-entry-header\"><h2 class=\"eael-entry-title\"><a class=\"eael-grid-post-link\" href=\"https:\/\/www.surpol.com\/es\/2025-continuem\/\" title=\"2025&#8230; continuem&#8230;\">2025\u2026 continuamos\u2026<\/a><\/h2><\/header>\n                        \n                        <div class=\"eael-entry-content\"><div class=\"eael-grid-post-excerpt\"><p>2025... continuamos...<\/p><\/div><\/div>\n                    <\/div><div class=\"eael-entry-footer\"><div class=\"eael-entry-meta\"><div class=\"eael-posted-by\"><a href=\"https:\/\/www.surpol.com\/es\/author\/marius-marti\/\" title=\"Entradas de Marius Mart\u00ed\" rel=\"author\">Marius Mart\u00ed<\/a><\/div><div class=\"eael-posted-on\"><time datetime=\"diciembre 31, 2024\">diciembre 31, 2024<\/time><\/div><\/div><\/div><\/div>\n        <\/div>\n    <\/article><article class=\"eael-post-block-item eael-post-block-column\">\n        <div class=\"eael-post-block-item-holder\">\n            <div class=\"eael-post-block-item-holder-inner\"><div class=\"eael-entry-media\">\n                        <div class=\"eael-entry-overlay fade-in\"><i class=\"fas fa-long-arrow-alt-right\" aria-hidden=\"true\"><\/i><a href=\"https:\/\/www.surpol.com\/es\/un-comiat-reflexiu-la-importancia-de-la-prevencio-i-leducacio-responsabl\/\"rel=\"nofollow\"><\/a>\n                        <\/div>\n                        <div class=\"eael-entry-thumbnail\">\n                            <img decoding=\"async\" src=\"https:\/\/www.surpol.com\/wp-content\/uploads\/2024\/12\/comiat.jpg\" alt=\"\">\n                        <\/div>\n                    <\/div><div class=\"eael-entry-wrapper\">\n                        <header class=\"eael-entry-header\"><h2 class=\"eael-entry-title\"><a class=\"eael-grid-post-link\" href=\"https:\/\/www.surpol.com\/es\/un-comiat-reflexiu-la-importancia-de-la-prevencio-i-leducacio-responsabl\/\" title=\"Un comiat reflexiu: la import\u00e0ncia de la prevenci\u00f3 i l&#8217;educaci\u00f3 responsabl\">Una despedida reflexiva: la importancia de la prevenci\u00f3n y la educaci\u00f3n responsable<\/a><\/h2><\/header>\n                        \n                        <div class=\"eael-entry-content\"><div class=\"eael-grid-post-excerpt\"><p>Cal que hi hagi un canvi educatiu i cultural per aconseguir que es valori com...<\/p><\/div><\/div>\n                    <\/div><div class=\"eael-entry-footer\"><div class=\"eael-entry-meta\"><div class=\"eael-posted-by\"><a href=\"https:\/\/www.surpol.com\/es\/author\/marius-marti\/\" title=\"Entradas de Marius Mart\u00ed\" rel=\"author\">Marius Mart\u00ed<\/a><\/div><div class=\"eael-posted-on\"><time datetime=\"diciembre 20, 2024\">diciembre 20, 2024<\/time><\/div><\/div><\/div><\/div>\n        <\/div>\n    <\/article><article class=\"eael-post-block-item eael-post-block-column\">\n        <div class=\"eael-post-block-item-holder\">\n            <div class=\"eael-post-block-item-holder-inner\"><div class=\"eael-entry-media\">\n                        <div class=\"eael-entry-overlay fade-in\"><i class=\"fas fa-long-arrow-alt-right\" aria-hidden=\"true\"><\/i><a href=\"https:\/\/www.surpol.com\/es\/impacte-del-burnout-en-els-treballadors-a-catalunya\/\"rel=\"nofollow\"><\/a>\n                        <\/div>\n                        <div class=\"eael-entry-thumbnail\">\n                            <img decoding=\"async\" src=\"https:\/\/www.surpol.com\/wp-content\/uploads\/2024\/12\/burnout.jpg\" alt=\"\">\n                        <\/div>\n                    <\/div><div class=\"eael-entry-wrapper\">\n                        <header class=\"eael-entry-header\"><h2 class=\"eael-entry-title\"><a class=\"eael-grid-post-link\" href=\"https:\/\/www.surpol.com\/es\/impacte-del-burnout-en-els-treballadors-a-catalunya\/\" title=\"Impacto del Burnout en los Trabajadores en Catalu\u00f1a\">Impacto del Burnout en los Trabajadores en Catalu\u00f1a<\/a><\/h2><\/header>\n                        \n                        <div class=\"eael-entry-content\"><div class=\"eael-grid-post-excerpt\"><p>La s\u00edndrome de burnout, o s\u00edndrome d'estar cremat emocionalment, afecta significativament la salut mental i...<\/p><\/div><\/div>\n                    <\/div><div class=\"eael-entry-footer\"><div class=\"eael-entry-meta\"><div class=\"eael-posted-by\"><a href=\"https:\/\/www.surpol.com\/es\/author\/heitu\/\" title=\"Entradas de Merc\u00e8 Vila\" rel=\"author\">Merc\u00e8 Vila<\/a><\/div><div class=\"eael-posted-on\"><time datetime=\"noviembre 29, 2024\">noviembre 29, 2024<\/time><\/div><\/div><\/div><\/div>\n        <\/div>\n    <\/article><article class=\"eael-post-block-item eael-post-block-column\">\n        <div class=\"eael-post-block-item-holder\">\n            <div class=\"eael-post-block-item-holder-inner\"><div class=\"eael-entry-media\">\n                        <div class=\"eael-entry-overlay fade-in\"><i class=\"fas fa-long-arrow-alt-right\" aria-hidden=\"true\"><\/i><a href=\"https:\/\/www.surpol.com\/es\/diseno-web-barcelona\/\"rel=\"nofollow\"><\/a>\n                        <\/div>\n                        <div class=\"eael-entry-thumbnail\">\n                            <img decoding=\"async\" src=\"https:\/\/www.surpol.com\/wp-content\/uploads\/2024\/11\/BLOG-SURPOL.png\" alt=\"\">\n                        <\/div>\n                    <\/div><div class=\"eael-entry-wrapper\">\n                        <header class=\"eael-entry-header\"><h2 class=\"eael-entry-title\"><a class=\"eael-grid-post-link\" href=\"https:\/\/www.surpol.com\/es\/diseno-web-barcelona\/\" title=\"Entelekia y Surpol: Una Alianza para Impulsar Tu \u00c9xito Digital\">Entelekia y Surpol: Una Alianza para Impulsar Tu \u00c9xito Digital<\/a><\/h2><\/header>\n                        \n                        <div class=\"eael-entry-content\"><div class=\"eael-grid-post-excerpt\"><p>Ens complau presentar Entel\u00e8kia, una empresa especialitzada en el desenvolupament i disseny web, que a...<\/p><\/div><\/div>\n                    <\/div><div class=\"eael-entry-footer\"><div class=\"eael-entry-meta\"><div class=\"eael-posted-by\"><a href=\"https:\/\/www.surpol.com\/es\/author\/heitu\/\" title=\"Entradas de Merc\u00e8 Vila\" rel=\"author\">Merc\u00e8 Vila<\/a><\/div><div class=\"eael-posted-on\"><time datetime=\"noviembre 27, 2024\">noviembre 27, 2024<\/time><\/div><\/div><\/div><\/div>\n        <\/div>\n    <\/article><article class=\"eael-post-block-item eael-post-block-column\">\n        <div class=\"eael-post-block-item-holder\">\n            <div class=\"eael-post-block-item-holder-inner\"><div class=\"eael-entry-media\">\n                        <div class=\"eael-entry-overlay fade-in\"><i class=\"fas fa-long-arrow-alt-right\" aria-hidden=\"true\"><\/i><a href=\"https:\/\/www.surpol.com\/es\/cadasil-duet-solidari\/\"rel=\"nofollow\"><\/a>\n                        <\/div>\n                        <div class=\"eael-entry-thumbnail\">\n                            <img decoding=\"async\" src=\"https:\/\/www.surpol.com\/wp-content\/uploads\/2024\/11\/Untitled.jpg\" alt=\"\">\n                        <\/div>\n                    <\/div><div class=\"eael-entry-wrapper\">\n                        <header class=\"eael-entry-header\"><h2 class=\"eael-entry-title\"><a class=\"eael-grid-post-link\" href=\"https:\/\/www.surpol.com\/es\/cadasil-duet-solidari\/\" title=\"CADASIL: DUET SOLIDARI\">CADASIL: DUET SOLIDARI<\/a><\/h2><\/header>\n                        \n                        <div class=\"eael-entry-content\"><div class=\"eael-grid-post-excerpt\"><p>El pr\u00f2xim dissabte 30 de novembre, es celebrar\u00e0 un nou acte per donar visibilitat al...<\/p><\/div><\/div>\n                    <\/div><div class=\"eael-entry-footer\"><div class=\"eael-entry-meta\"><div class=\"eael-posted-by\"><a href=\"https:\/\/www.surpol.com\/es\/author\/heitu\/\" title=\"Entradas de Merc\u00e8 Vila\" rel=\"author\">Merc\u00e8 Vila<\/a><\/div><div class=\"eael-posted-on\"><time datetime=\"noviembre 18, 2024\">noviembre 18, 2024<\/time><\/div><\/div><\/div><\/div>\n        <\/div>\n    <\/article><article class=\"eael-post-block-item eael-post-block-column\">\n        <div class=\"eael-post-block-item-holder\">\n            <div class=\"eael-post-block-item-holder-inner\"><div class=\"eael-entry-media\">\n                        <div class=\"eael-entry-overlay fade-in\"><i class=\"fas fa-long-arrow-alt-right\" aria-hidden=\"true\"><\/i><a href=\"https:\/\/www.surpol.com\/es\/jornada-de-voluntariat-de-la-fundacio-pimec\/\"rel=\"nofollow\"><\/a>\n                        <\/div>\n                        <div class=\"eael-entry-thumbnail\">\n                            <img decoding=\"async\" src=\"https:\/\/www.surpol.com\/wp-content\/uploads\/2024\/10\/fundaciopimec.png\" alt=\"\">\n                        <\/div>\n                    <\/div><div class=\"eael-entry-wrapper\">\n                        <header class=\"eael-entry-header\"><h2 class=\"eael-entry-title\"><a class=\"eael-grid-post-link\" href=\"https:\/\/www.surpol.com\/es\/jornada-de-voluntariat-de-la-fundacio-pimec\/\" title=\"Jornada de Voluntariado de la Fundaci\u00f3n Pimec\">Jornada de Voluntariado de la Fundaci\u00f3n Pimec<\/a><\/h2><\/header>\n                        \n                        <div class=\"eael-entry-content\"><div class=\"eael-grid-post-excerpt\"><p>{\"type\":\"elementor\",\"siteurl\":\"https:\/\/www.surpol.com\/wp-json\/\",\"elements\":[{\"id\":\"efefcf2\",\"elType\":\"widget\",\"isInner\":false,\"isLocked\":false,\"settings\":{\"editor\":\"El dia 25 d'octubre es va dur a terme la JORNADA DE VOLUNTARIAT de la...<\/p><\/div><\/div>\n                    <\/div><div class=\"eael-entry-footer\"><div class=\"eael-entry-meta\"><div class=\"eael-posted-by\"><a href=\"https:\/\/www.surpol.com\/es\/author\/heitu\/\" title=\"Entradas de Merc\u00e8 Vila\" rel=\"author\">Merc\u00e8 Vila<\/a><\/div><div class=\"eael-posted-on\"><time datetime=\"octubre 29, 2024\">octubre 29, 2024<\/time><\/div><\/div><\/div><\/div>\n        <\/div>\n    <\/article><article class=\"eael-post-block-item eael-post-block-column\">\n        <div class=\"eael-post-block-item-holder\">\n            <div class=\"eael-post-block-item-holder-inner\"><div class=\"eael-entry-media\">\n                        <div class=\"eael-entry-overlay fade-in\"><i class=\"fas fa-long-arrow-alt-right\" aria-hidden=\"true\"><\/i><a href=\"https:\/\/www.surpol.com\/es\/fem-avaluacions-de-riscos-eficients\/\"rel=\"nofollow\"><\/a>\n                        <\/div>\n                        <div class=\"eael-entry-thumbnail\">\n                            <img decoding=\"async\" src=\"https:\/\/www.surpol.com\/wp-content\/uploads\/2024\/10\/avaluacions_eficients.png\" alt=\"\">\n                        <\/div>\n                    <\/div><div class=\"eael-entry-wrapper\">\n                        <header class=\"eael-entry-header\"><h2 class=\"eael-entry-title\"><a class=\"eael-grid-post-link\" href=\"https:\/\/www.surpol.com\/es\/fem-avaluacions-de-riscos-eficients\/\" title=\"\u00bfHacemos evaluaciones de riesgos eficientes?\">\u00bfHacemos evaluaciones de riesgos eficientes?<\/a><\/h2><\/header>\n                        \n                        <div class=\"eael-entry-content\"><div class=\"eael-grid-post-excerpt\"><p>Fem avaluacions de riscs laborals per con\u00e8ixer el risc que hi ha en un lloc...<\/p><\/div><\/div>\n                    <\/div><div class=\"eael-entry-footer\"><div class=\"eael-entry-meta\"><div class=\"eael-posted-by\"><a href=\"https:\/\/www.surpol.com\/es\/author\/marius-marti\/\" title=\"Entradas de Marius Mart\u00ed\" rel=\"author\">Marius Mart\u00ed<\/a><\/div><div class=\"eael-posted-on\"><time datetime=\"octubre 4, 2024\">octubre 4, 2024<\/time><\/div><\/div><\/div><\/div>\n        <\/div>\n    <\/article><article class=\"eael-post-block-item eael-post-block-column\">\n        <div class=\"eael-post-block-item-holder\">\n            <div class=\"eael-post-block-item-holder-inner\"><div class=\"eael-entry-media\">\n                        <div class=\"eael-entry-overlay fade-in\"><i class=\"fas fa-long-arrow-alt-right\" aria-hidden=\"true\"><\/i><a href=\"https:\/\/www.surpol.com\/es\/la-medicina-del-treball-quelcom-mes-que-una-revisio-medica\/\"rel=\"nofollow\"><\/a>\n                        <\/div>\n                        <div class=\"eael-entry-thumbnail\">\n                            <img decoding=\"async\" src=\"https:\/\/www.surpol.com\/wp-content\/uploads\/2024\/10\/medicina-del-treball.png\" alt=\"\">\n                        <\/div>\n                    <\/div><div class=\"eael-entry-wrapper\">\n                        <header class=\"eael-entry-header\"><h2 class=\"eael-entry-title\"><a class=\"eael-grid-post-link\" href=\"https:\/\/www.surpol.com\/es\/la-medicina-del-treball-quelcom-mes-que-una-revisio-medica\/\" title=\"La medicina del trabajo: Algo m\u00e1s que una revisi\u00f3n m\u00e9dica\">La medicina del trabajo: Algo m\u00e1s que una revisi\u00f3n m\u00e9dica<\/a><\/h2><\/header>\n                        \n                        <div class=\"eael-entry-content\"><div class=\"eael-grid-post-excerpt\"><p>Amb un sistema unificat de la Medicina del Treball, els resultats serien molt m\u00e9s precisos...<\/p><\/div><\/div>\n                    <\/div><div class=\"eael-entry-footer\"><div class=\"eael-entry-meta\"><div class=\"eael-posted-by\"><a href=\"https:\/\/www.surpol.com\/es\/author\/marius-marti\/\" title=\"Entradas de Marius Mart\u00ed\" rel=\"author\">Marius Mart\u00ed<\/a><\/div><div class=\"eael-posted-on\"><time datetime=\"octubre 2, 2024\">octubre 2, 2024<\/time><\/div><\/div><\/div><\/div>\n        <\/div>\n    <\/article><article class=\"eael-post-block-item eael-post-block-column\">\n        <div class=\"eael-post-block-item-holder\">\n            <div class=\"eael-post-block-item-holder-inner\"><div class=\"eael-entry-media\">\n                        <div class=\"eael-entry-overlay fade-in\"><i class=\"fas fa-long-arrow-alt-right\" aria-hidden=\"true\"><\/i><a href=\"https:\/\/www.surpol.com\/es\/lus-segur-del-cuter-consells-per-evitar-accidents\/\"rel=\"nofollow\"><\/a>\n                        <\/div>\n                        <div class=\"eael-entry-thumbnail\">\n                            <img decoding=\"async\" src=\"https:\/\/www.surpol.com\/wp-content\/uploads\/2024\/09\/cutter.png\" alt=\"\">\n                        <\/div>\n                    <\/div><div class=\"eael-entry-wrapper\">\n                        <header class=\"eael-entry-header\"><h2 class=\"eael-entry-title\"><a class=\"eael-grid-post-link\" href=\"https:\/\/www.surpol.com\/es\/lus-segur-del-cuter-consells-per-evitar-accidents\/\" title=\"L&#8217;\u00fas segur del c\u00fater: Consells per evitar accidents\">El uso seguro del cutter: Consejos para evitar accidentes<\/a><\/h2><\/header>\n                        \n                        <div class=\"eael-entry-content\"><div class=\"eael-grid-post-excerpt\"><p>Tots hem utilitzat un c\u00fater en m\u00e9s d'una ocasi\u00f3, per\u00f2 l'utilitzem de forma correcta? Un...<\/p><\/div><\/div>\n                    <\/div><div class=\"eael-entry-footer\"><div class=\"eael-entry-meta\"><div class=\"eael-posted-by\"><a href=\"https:\/\/www.surpol.com\/es\/author\/marius-marti\/\" title=\"Entradas de Marius Mart\u00ed\" rel=\"author\">Marius Mart\u00ed<\/a><\/div><div class=\"eael-posted-on\"><time datetime=\"septiembre 30, 2024\">septiembre 30, 2024<\/time><\/div><\/div><\/div><\/div>\n        <\/div>\n    <\/article><article class=\"eael-post-block-item eael-post-block-column\">\n        <div class=\"eael-post-block-item-holder\">\n            <div class=\"eael-post-block-item-holder-inner\"><div class=\"eael-entry-media\">\n                        <div class=\"eael-entry-overlay fade-in\"><i class=\"fas fa-long-arrow-alt-right\" aria-hidden=\"true\"><\/i><a href=\"https:\/\/www.surpol.com\/es\/jubilar-se-o-no-jubilar-se-aquesta-es-la-questio\/\"rel=\"nofollow\"><\/a>\n                        <\/div>\n                        <div class=\"eael-entry-thumbnail\">\n                            <img decoding=\"async\" src=\"https:\/\/www.surpol.com\/wp-content\/uploads\/2024\/09\/jubilacio.png\" alt=\"\">\n                        <\/div>\n                    <\/div><div class=\"eael-entry-wrapper\">\n                        <header class=\"eael-entry-header\"><h2 class=\"eael-entry-title\"><a class=\"eael-grid-post-link\" href=\"https:\/\/www.surpol.com\/es\/jubilar-se-o-no-jubilar-se-aquesta-es-la-questio\/\" title=\"JUBILARSE O NO JUBILARSE, ESTA ES LA CUESTI\u00d3N\">JUBILARSE O NO JUBILARSE, ESTA ES LA CUESTI\u00d3N<\/a><\/h2><\/header>\n                        \n                        <div class=\"eael-entry-content\"><div class=\"eael-grid-post-excerpt\"><p>El fet de jubilar-se \u00e9s una decisi\u00f3 personal que cada individu ha d'escollir conscientment, sabent...<\/p><\/div><\/div>\n                    <\/div><div class=\"eael-entry-footer\"><div class=\"eael-entry-meta\"><div class=\"eael-posted-by\"><a href=\"https:\/\/www.surpol.com\/es\/author\/marius-marti\/\" title=\"Entradas de Marius Mart\u00ed\" rel=\"author\">Marius Mart\u00ed<\/a><\/div><div class=\"eael-posted-on\"><time datetime=\"septiembre 27, 2024\">septiembre 27, 2024<\/time><\/div><\/div><\/div><\/div>\n        <\/div>\n    <\/article><article class=\"eael-post-block-item eael-post-block-column\">\n        <div class=\"eael-post-block-item-holder\">\n            <div class=\"eael-post-block-item-holder-inner\"><div class=\"eael-entry-media\">\n                        <div class=\"eael-entry-overlay fade-in\"><i class=\"fas fa-long-arrow-alt-right\" aria-hidden=\"true\"><\/i><a href=\"https:\/\/www.surpol.com\/es\/la-cinta-aillant\/\"rel=\"nofollow\"><\/a>\n                        <\/div>\n                        <div class=\"eael-entry-thumbnail\">\n                            <img decoding=\"async\" src=\"https:\/\/www.surpol.com\/wp-content\/uploads\/2024\/09\/Sin-titulo.png\" alt=\"\">\n                        <\/div>\n                    <\/div><div class=\"eael-entry-wrapper\">\n                        <header class=\"eael-entry-header\"><h2 class=\"eael-entry-title\"><a class=\"eael-grid-post-link\" href=\"https:\/\/www.surpol.com\/es\/la-cinta-aillant\/\" title=\"LA CINTA AISLANTE\">LA CINTA AISLANTE<\/a><\/h2><\/header>\n                        \n                        <div class=\"eael-entry-content\"><div class=\"eael-grid-post-excerpt\"><p>\u00c9s potser un dels productes m\u00e9s utilitzats i de fama internacional. La fem servir per...<\/p><\/div><\/div>\n                    <\/div><div class=\"eael-entry-footer\"><div class=\"eael-entry-meta\"><div class=\"eael-posted-by\"><a href=\"https:\/\/www.surpol.com\/es\/author\/marius-marti\/\" title=\"Entradas de Marius Mart\u00ed\" rel=\"author\">Marius Mart\u00ed<\/a><\/div><div class=\"eael-posted-on\"><time datetime=\"septiembre 25, 2024\">septiembre 25, 2024<\/time><\/div><\/div><\/div><\/div>\n        <\/div>\n    <\/article><article class=\"eael-post-block-item eael-post-block-column\">\n        <div class=\"eael-post-block-item-holder\">\n            <div class=\"eael-post-block-item-holder-inner\"><div class=\"eael-entry-media\">\n                        <div class=\"eael-entry-overlay fade-in\"><i class=\"fas fa-long-arrow-alt-right\" aria-hidden=\"true\"><\/i><a href=\"https:\/\/www.surpol.com\/es\/noves-mesures-de-proteccio-per-a-treballadors-exposats-a-particules-de-combustio-diesel\/\"rel=\"nofollow\"><\/a>\n                        <\/div>\n                        <div class=\"eael-entry-thumbnail\">\n                            <img decoding=\"async\" src=\"https:\/\/www.surpol.com\/wp-content\/uploads\/2024\/09\/diesel.png\" alt=\"\">\n                        <\/div>\n                    <\/div><div class=\"eael-entry-wrapper\">\n                        <header class=\"eael-entry-header\"><h2 class=\"eael-entry-title\"><a class=\"eael-grid-post-link\" href=\"https:\/\/www.surpol.com\/es\/noves-mesures-de-proteccio-per-a-treballadors-exposats-a-particules-de-combustio-diesel\/\" title=\"Nuevas medidas de protecci\u00f3n para trabajadores expuestos a part\u00edculas de combusti\u00f3n di\u00e9sel\">Nuevas medidas de protecci\u00f3n para trabajadores expuestos a part\u00edculas de combusti\u00f3n di\u00e9sel<\/a><\/h2><\/header>\n                        \n                        <div class=\"eael-entry-content\"><div class=\"eael-grid-post-excerpt\"><p>L'any 2019 es van publicar els l\u00edmits d'exposici\u00f3 per a treballadors a part\u00edcules lliures de...<\/p><\/div><\/div>\n                    <\/div><div class=\"eael-entry-footer\"><div class=\"eael-entry-meta\"><div class=\"eael-posted-by\"><a href=\"https:\/\/www.surpol.com\/es\/author\/marius-marti\/\" title=\"Entradas de Marius Mart\u00ed\" rel=\"author\">Marius Mart\u00ed<\/a><\/div><div class=\"eael-posted-on\"><time datetime=\"septiembre 23, 2024\">septiembre 23, 2024<\/time><\/div><\/div><\/div><\/div>\n        <\/div>\n    <\/article><article class=\"eael-post-block-item eael-post-block-column\">\n        <div class=\"eael-post-block-item-holder\">\n            <div class=\"eael-post-block-item-holder-inner\"><div class=\"eael-entry-media\">\n                        <div class=\"eael-entry-overlay fade-in\"><i class=\"fas fa-long-arrow-alt-right\" aria-hidden=\"true\"><\/i><a href=\"https:\/\/www.surpol.com\/es\/la-gestio-de-les-emocions-en-lentorn-laboral\/\"rel=\"nofollow\"><\/a>\n                        <\/div>\n                        <div class=\"eael-entry-thumbnail\">\n                            <img decoding=\"async\" src=\"https:\/\/www.surpol.com\/wp-content\/uploads\/2024\/09\/emocions.png\" alt=\"\">\n                        <\/div>\n                    <\/div><div class=\"eael-entry-wrapper\">\n                        <header class=\"eael-entry-header\"><h2 class=\"eael-entry-title\"><a class=\"eael-grid-post-link\" href=\"https:\/\/www.surpol.com\/es\/la-gestio-de-les-emocions-en-lentorn-laboral\/\" title=\"LA GESTI\u00d3 DE LES EMOCIONS EN L&#8217;ENTORN LABORAL\">LA GESTI\u00d3N DE LAS EMOCIONES EN EL ENTORNO LABORAL<\/a><\/h2><\/header>\n                        \n                        <div class=\"eael-entry-content\"><div class=\"eael-grid-post-excerpt\"><p>Quan parlem de prevenci\u00f3 de riscos laborals, sovint ho relacionem amb accidents i perills, o...<\/p><\/div><\/div>\n                    <\/div><div class=\"eael-entry-footer\"><div class=\"eael-entry-meta\"><div class=\"eael-posted-by\"><a href=\"https:\/\/www.surpol.com\/es\/author\/marius-marti\/\" title=\"Entradas de Marius Mart\u00ed\" rel=\"author\">Marius Mart\u00ed<\/a><\/div><div class=\"eael-posted-on\"><time datetime=\"septiembre 18, 2024\">septiembre 18, 2024<\/time><\/div><\/div><\/div><\/div>\n        <\/div>\n    <\/article><article class=\"eael-post-block-item eael-post-block-column\">\n        <div class=\"eael-post-block-item-holder\">\n            <div class=\"eael-post-block-item-holder-inner\"><div class=\"eael-entry-media\">\n                        <div class=\"eael-entry-overlay fade-in\"><i class=\"fas fa-long-arrow-alt-right\" aria-hidden=\"true\"><\/i><a href=\"https:\/\/www.surpol.com\/es\/la-perillositat-de-les-suposicions-reflexions-sobre-la-investigacio-daccidents\/\"rel=\"nofollow\"><\/a>\n                        <\/div>\n                        <div class=\"eael-entry-thumbnail\">\n                            <img decoding=\"async\" src=\"https:\/\/www.surpol.com\/wp-content\/uploads\/2024\/09\/accidentscauses-1.jpg\" alt=\"\">\n                        <\/div>\n                    <\/div><div class=\"eael-entry-wrapper\">\n                        <header class=\"eael-entry-header\"><h2 class=\"eael-entry-title\"><a class=\"eael-grid-post-link\" href=\"https:\/\/www.surpol.com\/es\/la-perillositat-de-les-suposicions-reflexions-sobre-la-investigacio-daccidents\/\" title=\"La Peligrosidad de las Suposiciones en los Accidentes\">La Peligrosidad de las Suposiciones en los Accidentes<\/a><\/h2><\/header>\n                        \n                        <div class=\"eael-entry-content\"><div class=\"eael-grid-post-excerpt\"><p>Cada vegada que tenim coneixement d\u2019un accident, sigui laboral o no, tenim la tend\u00e8ncia a...<\/p><\/div><\/div>\n                    <\/div><div class=\"eael-entry-footer\"><div class=\"eael-entry-meta\"><div class=\"eael-posted-by\"><a href=\"https:\/\/www.surpol.com\/es\/author\/marius-marti\/\" title=\"Entradas de Marius Mart\u00ed\" rel=\"author\">Marius Mart\u00ed<\/a><\/div><div class=\"eael-posted-on\"><time datetime=\"septiembre 10, 2024\">septiembre 10, 2024<\/time><\/div><\/div><\/div><\/div>\n        <\/div>\n    <\/article><\/div>\n\t\t<\/div>            <div class=\"eael-load-more-button-wrap eael-force-hide\">\n                <button class=\"eael-load-more-button\" id=\"eael-load-more-btn-f89e372\" data-widget-id=\"f89e372\" data-widget=\"f89e372\" data-page-id=\"1564\" data-template=\"{&quot;dir&quot;:&quot;pro&quot;,&quot;file_name&quot;:&quot;default.php&quot;,&quot;name&quot;:&quot;Post-Block&quot;}\" data-class=\"Essential_Addons_Elementor\\Pro\\Elements\\Post_Block\" data-layout=\"\" data-page=\"1\" data-args=\"orderby=date&amp;order=desc&amp;ignore_sticky_posts=1&amp;post_status=publish&amp;posts_per_page=50&amp;offset=0&amp;post_type=post&amp;tax_query%5B0%5D%5Btaxonomy%5D=category&amp;tax_query%5B0%5D%5Bfield%5D=term_id&amp;tax_query%5B0%5D%5Bterms%5D%5B0%5D=10&amp;tax_query%5Brelation%5D=AND\" data-max-page=\"2\">\n                    <span class=\"eael-btn-loader button__loader\"><\/span>\n                    <span class=\"eael_load_more_text\"><\/span>\n                <\/button>\n            <\/div>\n            \t\t\t\t<\/div>\n\t\t\t\t<\/div>\n\t\t\t\t\t<\/div>\n\t\t<\/div>\n\t\t\t\t\t<\/div>\n\t\t<\/section>\n\t\t\t\t<\/div>","protected":false},"excerpt":{"rendered":"<p>L&#8217;assessorament en Prevenci\u00f3 de Riscos Laborals (PRL) ofereix coneixements especialitzats per identificar i minimitzar els riscos en els llocs de treball, prevenint accidents i malalties professionals.<\/p>","protected":false},"author":2,"featured_media":1095,"parent":0,"menu_order":0,"comment_status":"closed","ping_status":"closed","template":"","meta":{"footnotes":""},"class_list":["post-1564","page","type-page","status-publish","has-post-thumbnail","hentry"],"yoast_head":"<!-- This site is optimized with the Yoast SEO Premium plugin v22.9 (Yoast SEO v27.3) - https:\/\/yoast.com\/product\/yoast-seo-premium-wordpress\/ -->\n<title>Blog - Surpol<\/title>\n<meta name=\"description\" content=\"Actualitat sobre la Prevenci\u00f3 de Riscos Laborals - Novetats, normatives y recomanacions de bones pr\u00e0ctiques.\" \/>\n<meta name=\"robots\" content=\"index, follow, max-snippet:-1, max-image-preview:large, max-video-preview:-1\" \/>\n<link rel=\"canonical\" href=\"https:\/\/www.surpol.com\/es\/blog\/\" \/>\n<meta property=\"og:locale\" content=\"es_ES\" \/>\n<meta property=\"og:type\" content=\"article\" \/>\n<meta property=\"og:title\" content=\"Blog\" \/>\n<meta property=\"og:description\" content=\"Actualitat sobre la Prevenci\u00f3 de Riscos Laborals - Novetats, normatives y recomanacions de bones pr\u00e0ctiques.\" \/>\n<meta property=\"og:url\" content=\"https:\/\/www.surpol.com\/es\/blog\/\" \/>\n<meta property=\"og:site_name\" content=\"Surpol\" \/>\n<meta property=\"article:modified_time\" content=\"2026-02-19T11:17:19+00:00\" \/>\n<meta property=\"og:image\" content=\"https:\/\/www.surpol.com\/wp-content\/uploads\/2024\/01\/assessorament-SURPOL-scaled-1.jpg\" \/>\n\t<meta property=\"og:image:width\" content=\"2560\" \/>\n\t<meta property=\"og:image:height\" content=\"1637\" \/>\n\t<meta property=\"og:image:type\" content=\"image\/jpeg\" \/>\n<meta name=\"twitter:card\" content=\"summary_large_image\" \/>\n<meta name=\"twitter:label1\" content=\"Tiempo de lectura\" \/>\n\t<meta name=\"twitter:data1\" content=\"18 minutos\" \/>\n<script type=\"application\/ld+json\" class=\"yoast-schema-graph\">{\"@context\":\"https:\\\/\\\/schema.org\",\"@graph\":[{\"@type\":\"WebPage\",\"@id\":\"https:\\\/\\\/www.surpol.com\\\/blog\\\/\",\"url\":\"https:\\\/\\\/www.surpol.com\\\/blog\\\/\",\"name\":\"Blog - Surpol\",\"isPartOf\":{\"@id\":\"https:\\\/\\\/www.surpol.com\\\/#website\"},\"primaryImageOfPage\":{\"@id\":\"https:\\\/\\\/www.surpol.com\\\/blog\\\/#primaryimage\"},\"image\":{\"@id\":\"https:\\\/\\\/www.surpol.com\\\/blog\\\/#primaryimage\"},\"thumbnailUrl\":\"https:\\\/\\\/www.surpol.com\\\/wp-content\\\/uploads\\\/2024\\\/01\\\/assessorament-SURPOL-scaled-1.jpg\",\"datePublished\":\"2024-04-04T15:33:34+00:00\",\"dateModified\":\"2026-02-19T11:17:19+00:00\",\"description\":\"Actualitat sobre la Prevenci\u00f3 de Riscos Laborals - Novetats, normatives y recomanacions de bones pr\u00e0ctiques.\",\"breadcrumb\":{\"@id\":\"https:\\\/\\\/www.surpol.com\\\/blog\\\/#breadcrumb\"},\"inLanguage\":\"es\",\"potentialAction\":[{\"@type\":\"ReadAction\",\"target\":[\"https:\\\/\\\/www.surpol.com\\\/blog\\\/\"]}]},{\"@type\":\"ImageObject\",\"inLanguage\":\"es\",\"@id\":\"https:\\\/\\\/www.surpol.com\\\/blog\\\/#primaryimage\",\"url\":\"https:\\\/\\\/www.surpol.com\\\/wp-content\\\/uploads\\\/2024\\\/01\\\/assessorament-SURPOL-scaled-1.jpg\",\"contentUrl\":\"https:\\\/\\\/www.surpol.com\\\/wp-content\\\/uploads\\\/2024\\\/01\\\/assessorament-SURPOL-scaled-1.jpg\",\"width\":2560,\"height\":1637},{\"@type\":\"BreadcrumbList\",\"@id\":\"https:\\\/\\\/www.surpol.com\\\/blog\\\/#breadcrumb\",\"itemListElement\":[{\"@type\":\"ListItem\",\"position\":1,\"name\":\"Inici\",\"item\":\"https:\\\/\\\/www.surpol.com\\\/\"},{\"@type\":\"ListItem\",\"position\":2,\"name\":\"Blog\"}]},{\"@type\":\"WebSite\",\"@id\":\"https:\\\/\\\/www.surpol.com\\\/#website\",\"url\":\"https:\\\/\\\/www.surpol.com\\\/\",\"name\":\"Surpol - Prevenci\u00f3 en Riscos Laborals\",\"description\":\"Prevenci\u00f3 de riscos laborals\",\"publisher\":{\"@id\":\"https:\\\/\\\/www.surpol.com\\\/#organization\"},\"alternateName\":\"Surpol - Gestion PRL\",\"potentialAction\":[{\"@type\":\"SearchAction\",\"target\":{\"@type\":\"EntryPoint\",\"urlTemplate\":\"https:\\\/\\\/www.surpol.com\\\/?s={search_term_string}\"},\"query-input\":{\"@type\":\"PropertyValueSpecification\",\"valueRequired\":true,\"valueName\":\"search_term_string\"}}],\"inLanguage\":\"es\"},{\"@type\":\"Organization\",\"@id\":\"https:\\\/\\\/www.surpol.com\\\/#organization\",\"name\":\"Surpol\",\"url\":\"https:\\\/\\\/www.surpol.com\\\/\",\"logo\":{\"@type\":\"ImageObject\",\"inLanguage\":\"es\",\"@id\":\"https:\\\/\\\/www.surpol.com\\\/#\\\/schema\\\/logo\\\/image\\\/\",\"url\":\"https:\\\/\\\/www.surpol.com\\\/wp-content\\\/uploads\\\/2024\\\/01\\\/cropped-logo4.png\",\"contentUrl\":\"https:\\\/\\\/www.surpol.com\\\/wp-content\\\/uploads\\\/2024\\\/01\\\/cropped-logo4.png\",\"width\":500,\"height\":268,\"caption\":\"Surpol\"},\"image\":{\"@id\":\"https:\\\/\\\/www.surpol.com\\\/#\\\/schema\\\/logo\\\/image\\\/\"}}]}<\/script>\n<!-- \/ Yoast SEO Premium plugin. -->","yoast_head_json":{"title":"Blog - Surpol","description":"Actualidad sobre la Prevenci\u00f3n de Riesgos Laborales - Novedades, normativas y recomendaciones de buenas pr\u00e1cticas.","robots":{"index":"index","follow":"follow","max-snippet":"max-snippet:-1","max-image-preview":"max-image-preview:large","max-video-preview":"max-video-preview:-1"},"canonical":"https:\/\/www.surpol.com\/es\/blog\/","og_locale":"es_ES","og_type":"article","og_title":"Blog","og_description":"Actualitat sobre la Prevenci\u00f3 de Riscos Laborals - Novetats, normatives y recomanacions de bones pr\u00e0ctiques.","og_url":"https:\/\/www.surpol.com\/es\/blog\/","og_site_name":"Surpol","article_modified_time":"2026-02-19T11:17:19+00:00","og_image":[{"width":2560,"height":1637,"url":"https:\/\/www.surpol.com\/wp-content\/uploads\/2024\/01\/assessorament-SURPOL-scaled-1.jpg","type":"image\/jpeg"}],"twitter_card":"summary_large_image","twitter_misc":{"Tiempo de lectura":"18 minutos"},"schema":{"@context":"https:\/\/schema.org","@graph":[{"@type":"WebPage","@id":"https:\/\/www.surpol.com\/blog\/","url":"https:\/\/www.surpol.com\/blog\/","name":"Blog - Surpol","isPartOf":{"@id":"https:\/\/www.surpol.com\/#website"},"primaryImageOfPage":{"@id":"https:\/\/www.surpol.com\/blog\/#primaryimage"},"image":{"@id":"https:\/\/www.surpol.com\/blog\/#primaryimage"},"thumbnailUrl":"https:\/\/www.surpol.com\/wp-content\/uploads\/2024\/01\/assessorament-SURPOL-scaled-1.jpg","datePublished":"2024-04-04T15:33:34+00:00","dateModified":"2026-02-19T11:17:19+00:00","description":"Actualidad sobre la Prevenci\u00f3n de Riesgos Laborales - Novedades, normativas y recomendaciones de buenas pr\u00e1cticas.","breadcrumb":{"@id":"https:\/\/www.surpol.com\/blog\/#breadcrumb"},"inLanguage":"es","potentialAction":[{"@type":"ReadAction","target":["https:\/\/www.surpol.com\/blog\/"]}]},{"@type":"ImageObject","inLanguage":"es","@id":"https:\/\/www.surpol.com\/blog\/#primaryimage","url":"https:\/\/www.surpol.com\/wp-content\/uploads\/2024\/01\/assessorament-SURPOL-scaled-1.jpg","contentUrl":"https:\/\/www.surpol.com\/wp-content\/uploads\/2024\/01\/assessorament-SURPOL-scaled-1.jpg","width":2560,"height":1637},{"@type":"BreadcrumbList","@id":"https:\/\/www.surpol.com\/blog\/#breadcrumb","itemListElement":[{"@type":"ListItem","position":1,"name":"Inici","item":"https:\/\/www.surpol.com\/"},{"@type":"ListItem","position":2,"name":"Blog"}]},{"@type":"WebSite","@id":"https:\/\/www.surpol.com\/#website","url":"https:\/\/www.surpol.com\/","name":"Surpol - Prevenci\u00f3 en Riscos Laborals","description":"Prevenci\u00f3 de riscos laborals","publisher":{"@id":"https:\/\/www.surpol.com\/#organization"},"alternateName":"Surpol - Gestion PRL","potentialAction":[{"@type":"SearchAction","target":{"@type":"EntryPoint","urlTemplate":"https:\/\/www.surpol.com\/?s={search_term_string}"},"query-input":{"@type":"PropertyValueSpecification","valueRequired":true,"valueName":"search_term_string"}}],"inLanguage":"es"},{"@type":"Organization","@id":"https:\/\/www.surpol.com\/#organization","name":"Surpol","url":"https:\/\/www.surpol.com\/","logo":{"@type":"ImageObject","inLanguage":"es","@id":"https:\/\/www.surpol.com\/#\/schema\/logo\/image\/","url":"https:\/\/www.surpol.com\/wp-content\/uploads\/2024\/01\/cropped-logo4.png","contentUrl":"https:\/\/www.surpol.com\/wp-content\/uploads\/2024\/01\/cropped-logo4.png","width":500,"height":268,"caption":"Surpol"},"image":{"@id":"https:\/\/www.surpol.com\/#\/schema\/logo\/image\/"}}]}},"_links":{"self":[{"href":"https:\/\/www.surpol.com\/es\/wp-json\/wp\/v2\/pages\/1564","targetHints":{"allow":["GET"]}}],"collection":[{"href":"https:\/\/www.surpol.com\/es\/wp-json\/wp\/v2\/pages"}],"about":[{"href":"https:\/\/www.surpol.com\/es\/wp-json\/wp\/v2\/types\/page"}],"author":[{"embeddable":true,"href":"https:\/\/www.surpol.com\/es\/wp-json\/wp\/v2\/users\/2"}],"replies":[{"embeddable":true,"href":"https:\/\/www.surpol.com\/es\/wp-json\/wp\/v2\/comments?post=1564"}],"version-history":[{"count":15,"href":"https:\/\/www.surpol.com\/es\/wp-json\/wp\/v2\/pages\/1564\/revisions"}],"predecessor-version":[{"id":4854,"href":"https:\/\/www.surpol.com\/es\/wp-json\/wp\/v2\/pages\/1564\/revisions\/4854"}],"wp:featuredmedia":[{"embeddable":true,"href":"https:\/\/www.surpol.com\/es\/wp-json\/wp\/v2\/media\/1095"}],"wp:attachment":[{"href":"https:\/\/www.surpol.com\/es\/wp-json\/wp\/v2\/media?parent=1564"}],"curies":[{"name":"wp","href":"https:\/\/api.w.org\/{rel}","templated":true}]}}